{"id":9098,"date":"2024-09-04T08:41:58","date_gmt":"2024-09-04T06:41:58","guid":{"rendered":"https:\/\/cms.zdv.uni-mainz.de\/kopiervorlage-ag\/?page_id=9098"},"modified":"2025-10-30T10:19:48","modified_gmt":"2025-10-30T09:19:48","slug":"startseite-zentrale-verwaltung","status":"publish","type":"page","link":"https:\/\/cms.zdv.uni-mainz.de\/kopiervorlage-ag\/startseite-zentrale-verwaltung\/","title":{"rendered":"Startseite Zentrale Verwaltung"},"content":{"rendered":"<jgu-base-pageheader react-props=\"{\n    &quot;items&quot;: [\n        {\n            &quot;box&quot;: {\n                &quot;index&quot;: &quot;Tragen Sie hier die Suchworte ein, f\\u00fcr die diese Seite ein Treffer sein soll&quot;,\n                &quot;title&quot;: &quot;Zentrale Verwaltung der JGU&quot;,\n                &quot;link&quot;: {\n                    &quot;title&quot;: &quot;learn more&quot;\n                }\n            },\n            &quot;color&quot;: &quot;red&quot;,\n            &quot;image&quot;: {\n                &quot;url&quot;: &quot;https:\\\/\\\/cms.zdv.uni-mainz.de\\\/kopiervorlage-ag\\\/wp-content\\\/uploads\\\/sites\\\/354\\\/2023\\\/08\\\/dummi-1250x700px.jpg&quot;,\n                &quot;id&quot;: 234,\n                &quot;description&quot;: &quot;Forum mit Gutenberg-B\\u00fcste im Schnee&quot;,\n                &quot;darkBackground&quot;: false,\n                &quot;hideCredit&quot;: false,\n                &quot;credit&quot;: &quot;Foto: Alexander Sell&quot;,\n                &quot;title&quot;: &quot;Platzhalterbild&quot;,\n                &quot;width&quot;: 1250,\n                &quot;height&quot;: 700,\n                &quot;srcset&quot;: &quot;https:\\\/\\\/cms.zdv.uni-mainz.de\\\/kopiervorlage-ag\\\/wp-content\\\/uploads\\\/sites\\\/354\\\/2023\\\/08\\\/dummi-1250x700px.jpg 1250w, https:\\\/\\\/cms.zdv.uni-mainz.de\\\/kopiervorlage-ag\\\/wp-content\\\/uploads\\\/sites\\\/354\\\/2023\\\/08\\\/dummi-1250x700px-300x168.jpg 300w, https:\\\/\\\/cms.zdv.uni-mainz.de\\\/kopiervorlage-ag\\\/wp-content\\\/uploads\\\/sites\\\/354\\\/2023\\\/08\\\/dummi-1250x700px-1024x573.jpg 1024w, https:\\\/\\\/cms.zdv.uni-mainz.de\\\/kopiervorlage-ag\\\/wp-content\\\/uploads\\\/sites\\\/354\\\/2023\\\/08\\\/dummi-1250x700px-768x430.jpg 768w&quot;\n            },\n            &quot;imgCredit&quot;: &quot;&quot;,\n            &quot;useVideo&quot;: false,\n            &quot;video&quot;: false\n        }\n    ],\n    &quot;type&quot;: &quot;default&quot;,\n    &quot;quicklinks&quot;: {\n        &quot;show&quot;: true,\n        &quot;interaction&quot;: &quot;direct&quot;,\n        &quot;selects&quot;: [\n            {\n                &quot;label&quot;: &quot;Informationen f\\u00fcr Besch\\u00e4ftigte&quot;,\n                &quot;options&quot;: [\n                    {\n                        &quot;title&quot;: &quot;Interner Bereich&quot;,\n                        &quot;link&quot;: {\n                            &quot;url&quot;: &quot;https:\\\/\\\/organisation.uni-mainz.de\\\/zentrale-verwaltung\\\/&quot;\n                        },\n                        &quot;items&quot;: []\n                    },\n                    {\n                        &quot;title&quot;: &quot;Digitale Dienste&quot;,\n                        &quot;link&quot;: {\n                            &quot;url&quot;: &quot;https:\\\/\\\/digitale-dienste.uni-mainz.de&quot;,\n                            &quot;linkTarget&quot;: &quot;_blank&quot;,\n                            &quot;rel&quot;: &quot;noreferrer noopener&quot;\n                        },\n                        &quot;items&quot;: []\n                    }\n                ]\n            },\n            {\n                &quot;label&quot;: &quot;Informationen f\\u00fcr Studierende&quot;,\n                &quot;options&quot;: [\n                    {\n                        &quot;title&quot;: &quot;Portal Studium&quot;,\n                        &quot;link&quot;: {\n                            &quot;url&quot;: &quot;https:\\\/\\\/cms.zdv.uni-mainz.de\\\/studium\\\/&quot;\n                        },\n                        &quot;items&quot;: []\n                    }\n                ]\n            }\n        ]\n    },\n    &quot;align&quot;: &quot;full&quot;,\n    &quot;useBreadcrumb&quot;: false\n}\">\n<\/jgu-base-pageheader>\n\n\n<div style=\"height:90px\" aria-hidden=\"true\" class=\"wp-block-spacer\"><\/div>\n\n\n<jgu-base-anchornavigation react-props=\"{\n    &quot;align&quot;: &quot;wide&quot;,\n    &quot;theme&quot;: &quot;white&quot;\n}\">\n    \n<\/jgu-base-anchornavigation>\n\n\n<div class=\"wp-block-group is-layout-constrained wp-block-group-is-layout-constrained\">\n<p>Diese Vorlage enth\u00e4lt die folgenden Seiten:<\/p>\n\n\n<ul class=\"wp-block-page-list\"><li class=\"wp-block-pages-list__item\"><a class=\"wp-block-pages-list__item__link\" href=\"https:\/\/cms.zdv.uni-mainz.de\/kopiervorlage-ag\/barrierefreiheit\/\">Barrierefreiheit<\/a><\/li><li class=\"wp-block-pages-list__item\"><a class=\"wp-block-pages-list__item__link\" href=\"https:\/\/cms.zdv.uni-mainz.de\/kopiervorlage-ag\/datenschutz\/\">Datenschutz<\/a><\/li><li class=\"wp-block-pages-list__item\"><a class=\"wp-block-pages-list__item__link\" href=\"https:\/\/cms.zdv.uni-mainz.de\/kopiervorlage-ag\/forschung\/\">Forschung<\/a><\/li><li class=\"wp-block-pages-list__item\"><a class=\"wp-block-pages-list__item__link\" href=\"https:\/\/cms.zdv.uni-mainz.de\/kopiervorlage-ag\/impressum\/\">Impressum<\/a><\/li><li class=\"wp-block-pages-list__item\"><a class=\"wp-block-pages-list__item__link\" href=\"https:\/\/cms.zdv.uni-mainz.de\/kopiervorlage-ag\/kontakt\/\">Kontakt<\/a><\/li><li class=\"wp-block-pages-list__item\"><a class=\"wp-block-pages-list__item__link\" href=\"https:\/\/cms.zdv.uni-mainz.de\/kopiervorlage-ag\/lehre\/\">Lehre<\/a><\/li><li class=\"wp-block-pages-list__item\"><a class=\"wp-block-pages-list__item__link\" href=\"https:\/\/cms.zdv.uni-mainz.de\/kopiervorlage-ag\/leichte-sprache\/\">Leichte Sprache<\/a><\/li><li class=\"wp-block-pages-list__item\"><a class=\"wp-block-pages-list__item__link\" href=\"https:\/\/cms.zdv.uni-mainz.de\/kopiervorlage-ag\/profil-exzellenz\/\">Profil Professur Exzellenz<\/a><\/li><li class=\"wp-block-pages-list__item\"><a class=\"wp-block-pages-list__item__link\" href=\"https:\/\/cms.zdv.uni-mainz.de\/kopiervorlage-ag\/publikationen\/\">Publikationen<\/a><\/li><li class=\"wp-block-pages-list__item menu-item-home\"><a class=\"wp-block-pages-list__item__link\" href=\"https:\/\/cms.zdv.uni-mainz.de\/kopiervorlage-ag\/\">Startseite AG Bodenkunde<\/a><\/li><li class=\"wp-block-pages-list__item\"><a class=\"wp-block-pages-list__item__link\" href=\"https:\/\/cms.zdv.uni-mainz.de\/kopiervorlage-ag\/startseite-geographisches-institut\/\">Startseite Geographisches Institut<\/a><\/li><li class=\"wp-block-pages-list__item\"><a class=\"wp-block-pages-list__item__link\" href=\"https:\/\/cms.zdv.uni-mainz.de\/kopiervorlage-ag\/start-dezernat-verwaltung\/\">Startseite Template Dezernate und Abteilungen<\/a><\/li><li class=\"wp-block-pages-list__item\"><a class=\"wp-block-pages-list__item__link\" href=\"https:\/\/cms.zdv.uni-mainz.de\/kopiervorlage-ag\/startseite-zentrale-verwaltung\/\">Startseite Zentrale Verwaltung<\/a><\/li><li class=\"wp-block-pages-list__item\"><a class=\"wp-block-pages-list__item__link\" href=\"https:\/\/cms.zdv.uni-mainz.de\/kopiervorlage-ag\/vorlage-studienbuero-studium-fb-08\/\">Vorlage Studienb\u00fcro\/Studium FB 08<\/a><\/li><\/ul>\n\n\n<p>Und die <a href=\"https:\/\/cms.zdv.uni-mainz.de\/modul-demo\/checkliste\/\" data-type=\"post\" data-id=\"7794\">CHECKLISTE<\/a>, die sie durcharbeiten f\u00fcr eine vollst\u00e4ndige Website.<\/p>\n<\/div>\n\n\n\n<p>Es gibt hier mehrere Startseiten, w\u00e4hlen Sie die f\u00fcr Sie passendste \u00fcber den Customizer &#8211; Homepage aus und entfernen Sie die anderen..<\/p>\n\n\n<jgu-base-section react-props=\"{&quot;color&quot;:&quot;light&quot;,&quot;align&quot;:&quot;wide&quot;,&quot;padding&quot;:&quot;medium&quot;}\">\n<div class=\"jgu-bgsection bg bg-light\"><div class=\"content padding-medium\"><jgu-base-testimonial react-props=\"{\n    &quot;zitat&quot;: &quot;F\\u00fcr uns, die Mitarbeiterinnen und Mitarbeiter der zentralen Verwaltung der Johannes Gutenberg-Universit\\u00e4t Mainz, stehen die pers\\u00f6nlichen und sachlichen Belange der Menschen, die in Forschung und Lehre, Studium und Weiterbildung sowie in der Administration der Hochschule t\\u00e4tig sind, im Mittelpunkt unseres Handelns. Als Teil einer Universit\\u00e4t f\\u00fchlen wir uns in besonders hohem Ma\\u00dfe zu gegenseitigem Respekt, Unvoreingenommenheit und Toleranz verpflichtet.&lt;br&gt;Wir verstehen uns als dienstleistende Einrichtung, die im Rahmen der Erf\\u00fcllung ihrer Verwaltungsaufgaben aktiv am Gestaltungsprozess der JGU mitwirkt und diesen innovativ und kreativ f\\u00f6rdert. &lt;strong&gt;Wir machen Ihr Anliegen zu unserem!&lt;\\\/strong&gt;&quot;,\n    &quot;subline&quot;: &quot;Aus dem Leitbild der zentralen Verwaltung&lt;br&gt;der Johannes Gutenberg-Universit\\u00e4t Mainz&quot;,\n    &quot;background&quot;: &quot;&quot;,\n    &quot;align&quot;: &quot;wide&quot;,\n    &quot;enableVideo&quot;: false,\n    &quot;video&quot;: {\n        &quot;provider&quot;: &quot;youtube&quot;,\n        &quot;id&quot;: &quot;&quot;,\n        &quot;poster&quot;: &quot;&quot;\n    },\n    &quot;title&quot;: &quot;&quot;,\n    &quot;buttonText&quot;: &quot;Play Video&quot;,\n    &quot;displayType&quot;: &quot;row&quot;,\n    &quot;color&quot;: &quot;red&quot;,\n    &quot;bigZitat&quot;: false,\n    &quot;useBackground&quot;: false,\n    &quot;fullWithImage&quot;: false\n}\"><\/jgu-base-testimonial><\/div><\/div>\n<\/jgu-base-section>\n\n<jgu-base-section react-props=\"{&quot;color&quot;:&quot;white&quot;,&quot;align&quot;:&quot;wide&quot;,&quot;padding&quot;:&quot;medium&quot;}\">\n<div class=\"jgu-bgsection bg bg-white\"><div class=\"content padding-medium\"><div\n\tclass=\"jgu-anchorpoint\"\n\tid=\"dezernate-und-abteilungen\"\n\tdata-label=\"Dezernate und Abteilungen\"\n\tdata-hide-in-nav=\"false\"\n\ttabindex=\"0\"\n\tdata-initial-scroll=\"true\"\n><\/div>\n\n\n<jgu-base-heading react-props=\"{\n    &quot;index&quot;: &quot;Aufbau der zentralen Verwaltung&quot;,\n    &quot;tags&quot;: {\n        &quot;htmlTag&quot;: &quot;h2&quot;,\n        &quot;classTag&quot;: &quot;&quot;,\n        &quot;tag&quot;: &quot;h2&quot;\n    },\n    &quot;heading&quot;: &quot;Dezernate und Abteilungen&quot;,\n    &quot;textAlign&quot;: &quot;left&quot;,\n    &quot;anchor&quot;: &quot;&quot;,\n    &quot;color&quot;: &quot;red&quot;\n}\"><\/jgu-base-heading>\n\n\n\n<div class=\"wp-block-columns is-layout-flex wp-container-core-columns-is-layout-9d6595d7 wp-block-columns-is-layout-flex\">\n<div class=\"wp-block-column is-layout-flow wp-block-column-is-layout-flow\"><jgu-base-teaserbox react-props=\"{\n    &quot;headline&quot;: {\n        &quot;htmlTag&quot;: &quot;h2&quot;,\n        &quot;classTag&quot;: &quot;&quot;,\n        &quot;tag&quot;: &quot;h2&quot;\n    },\n    &quot;image&quot;: {\n        &quot;id&quot;: 797,\n        &quot;url&quot;: null,\n        &quot;hideImageDescription&quot;: false,\n        &quot;hideCredit&quot;: false,\n        &quot;darkBackground&quot;: false\n    },\n    &quot;showLearnMore&quot;: false,\n    &quot;color&quot;: &quot;blue&quot;,\n    &quot;index&quot;: &quot;Dezernat&quot;,\n    &quot;title&quot;: &quot;Bau und Liegenschaftsmanagement&quot;,\n    &quot;linkTitle&quot;: &quot;mehr erfahren&quot;,\n    &quot;link&quot;: {\n        &quot;url&quot;: &quot;https:\\\/\\\/www.verwaltung.uni-mainz.de\\\/blm\\\/&quot;\n    },\n    &quot;template&quot;: &quot;default&quot;,\n    &quot;align&quot;: &quot;wide&quot;,\n    &quot;icon&quot;: &quot;&quot;,\n    &quot;iconColor&quot;: &quot;default&quot;,\n    &quot;isCalendar&quot;: false,\n    &quot;iconBoxed&quot;: false,\n    &quot;useLinkList&quot;: false,\n    &quot;linkList&quot;: {},\n    &quot;hideThumbnail&quot;: false,\n    &quot;type&quot;: &quot;boxed&quot;,\n    &quot;excerpt&quot;: &quot;&quot;,\n    &quot;linkStyle&quot;: &quot;default&quot;,\n    &quot;overboxImage&quot;: false,\n    &quot;differingHeadlineColor&quot;: false,\n    &quot;headlineColor&quot;: &quot;&quot;,\n    &quot;textPositionBottom&quot;: false,\n    &quot;video&quot;: {\n        &quot;provider&quot;: &quot;youtube&quot;,\n        &quot;id&quot;: &quot;&quot;,\n        &quot;poster&quot;: &quot;&quot;\n    },\n    &quot;audioUrl&quot;: &quot;&quot;,\n    &quot;unbound&quot;: false\n}\">\n    \n<\/jgu-base-teaserbox><\/div>\n\n\n\n<div class=\"wp-block-column is-layout-flow wp-block-column-is-layout-flow\"><jgu-base-teaserbox react-props=\"{\n    &quot;headline&quot;: {\n        &quot;htmlTag&quot;: &quot;h2&quot;,\n        &quot;classTag&quot;: &quot;&quot;,\n        &quot;tag&quot;: &quot;h2&quot;\n    },\n    &quot;image&quot;: {\n        &quot;id&quot;: 2207,\n        &quot;url&quot;: null\n    },\n    &quot;showLearnMore&quot;: false,\n    &quot;color&quot;: &quot;blue&quot;,\n    &quot;index&quot;: &quot;Dezernat&quot;,\n    &quot;title&quot;: &quot;Finanzen und Beschaffung&quot;,\n    &quot;linkTitle&quot;: &quot;mehr erfahren&quot;,\n    &quot;link&quot;: {\n        &quot;url&quot;: &quot;https:\\\/\\\/www.verwaltung.uni-mainz.de\\\/fin\\\/&quot;\n    },\n    &quot;template&quot;: &quot;default&quot;,\n    &quot;align&quot;: &quot;wide&quot;,\n    &quot;icon&quot;: &quot;&quot;,\n    &quot;iconColor&quot;: &quot;default&quot;,\n    &quot;isCalendar&quot;: false,\n    &quot;iconBoxed&quot;: false,\n    &quot;useLinkList&quot;: false,\n    &quot;linkList&quot;: {},\n    &quot;hideThumbnail&quot;: false,\n    &quot;type&quot;: &quot;boxed&quot;,\n    &quot;excerpt&quot;: &quot;&quot;,\n    &quot;linkStyle&quot;: &quot;default&quot;,\n    &quot;overboxImage&quot;: false,\n    &quot;differingHeadlineColor&quot;: false,\n    &quot;headlineColor&quot;: &quot;&quot;,\n    &quot;textPositionBottom&quot;: false,\n    &quot;video&quot;: {\n        &quot;provider&quot;: &quot;youtube&quot;,\n        &quot;id&quot;: &quot;&quot;,\n        &quot;poster&quot;: &quot;&quot;\n    },\n    &quot;audioUrl&quot;: &quot;&quot;,\n    &quot;unbound&quot;: false\n}\">\n    \n<\/jgu-base-teaserbox><\/div>\n\n\n\n<div class=\"wp-block-column is-layout-flow wp-block-column-is-layout-flow\"><jgu-base-teaserbox react-props=\"{\n    &quot;headline&quot;: {\n        &quot;htmlTag&quot;: &quot;h2&quot;,\n        &quot;classTag&quot;: &quot;&quot;,\n        &quot;tag&quot;: &quot;h2&quot;\n    },\n    &quot;image&quot;: {\n        &quot;id&quot;: 2934,\n        &quot;url&quot;: null\n    },\n    &quot;showLearnMore&quot;: false,\n    &quot;color&quot;: &quot;blue&quot;,\n    &quot;index&quot;: &quot;Dezernat&quot;,\n    &quot;title&quot;: &quot;Hochschulentwicklung&quot;,\n    &quot;linkTitle&quot;: &quot;mehr erfahren&quot;,\n    &quot;link&quot;: {\n        &quot;url&quot;: &quot;https:\\\/\\\/www.verwaltung.uni-mainz.de\\\/he\\\/&quot;\n    },\n    &quot;template&quot;: &quot;default&quot;,\n    &quot;align&quot;: &quot;wide&quot;,\n    &quot;icon&quot;: &quot;&quot;,\n    &quot;iconColor&quot;: &quot;default&quot;,\n    &quot;isCalendar&quot;: false,\n    &quot;iconBoxed&quot;: false,\n    &quot;useLinkList&quot;: false,\n    &quot;linkList&quot;: {},\n    &quot;hideThumbnail&quot;: false,\n    &quot;type&quot;: &quot;boxed&quot;,\n    &quot;excerpt&quot;: &quot;&quot;,\n    &quot;linkStyle&quot;: &quot;default&quot;,\n    &quot;overboxImage&quot;: false,\n    &quot;differingHeadlineColor&quot;: false,\n    &quot;headlineColor&quot;: &quot;&quot;,\n    &quot;textPositionBottom&quot;: false,\n    &quot;video&quot;: {\n        &quot;provider&quot;: &quot;youtube&quot;,\n        &quot;id&quot;: &quot;&quot;,\n        &quot;poster&quot;: &quot;&quot;\n    },\n    &quot;audioUrl&quot;: &quot;&quot;,\n    &quot;unbound&quot;: false\n}\">\n    \n<\/jgu-base-teaserbox><\/div>\n\n\n\n<div class=\"wp-block-column is-layout-flow wp-block-column-is-layout-flow\"><jgu-base-teaserbox react-props=\"{\n    &quot;headline&quot;: {\n        &quot;htmlTag&quot;: &quot;h2&quot;,\n        &quot;classTag&quot;: &quot;&quot;,\n        &quot;tag&quot;: &quot;h2&quot;\n    },\n    &quot;image&quot;: {\n        &quot;id&quot;: 899,\n        &quot;url&quot;: null\n    },\n    &quot;showLearnMore&quot;: false,\n    &quot;color&quot;: &quot;blue&quot;,\n    &quot;index&quot;: &quot;Dezernat&quot;,\n    &quot;title&quot;: &quot;Personal und Rechtsangelegenheiten&quot;,\n    &quot;linkTitle&quot;: &quot;mehr erfahren&quot;,\n    &quot;link&quot;: {\n        &quot;url&quot;: &quot;https:\\\/\\\/www.verwaltung.uni-mainz.de\\\/per\\\/&quot;\n    },\n    &quot;template&quot;: &quot;default&quot;,\n    &quot;align&quot;: &quot;wide&quot;,\n    &quot;icon&quot;: &quot;&quot;,\n    &quot;iconColor&quot;: &quot;default&quot;,\n    &quot;isCalendar&quot;: false,\n    &quot;iconBoxed&quot;: false,\n    &quot;useLinkList&quot;: false,\n    &quot;linkList&quot;: {},\n    &quot;hideThumbnail&quot;: false,\n    &quot;type&quot;: &quot;boxed&quot;,\n    &quot;excerpt&quot;: &quot;&quot;,\n    &quot;linkStyle&quot;: &quot;default&quot;,\n    &quot;overboxImage&quot;: false,\n    &quot;differingHeadlineColor&quot;: false,\n    &quot;headlineColor&quot;: &quot;&quot;,\n    &quot;textPositionBottom&quot;: false,\n    &quot;video&quot;: {\n        &quot;provider&quot;: &quot;youtube&quot;,\n        &quot;id&quot;: &quot;&quot;,\n        &quot;poster&quot;: &quot;&quot;\n    },\n    &quot;audioUrl&quot;: &quot;&quot;,\n    &quot;unbound&quot;: false\n}\">\n    \n<\/jgu-base-teaserbox><\/div>\n<\/div>\n\n\n\n<div class=\"wp-block-columns is-layout-flex wp-container-core-columns-is-layout-9d6595d7 wp-block-columns-is-layout-flex\">\n<div class=\"wp-block-column is-layout-flow wp-block-column-is-layout-flow\"><jgu-base-teaserbox react-props=\"{\n    &quot;headline&quot;: {\n        &quot;htmlTag&quot;: &quot;h2&quot;,\n        &quot;classTag&quot;: &quot;&quot;,\n        &quot;tag&quot;: &quot;h2&quot;\n    },\n    &quot;image&quot;: {\n        &quot;id&quot;: 644,\n        &quot;url&quot;: null\n    },\n    &quot;showLearnMore&quot;: false,\n    &quot;color&quot;: &quot;blue&quot;,\n    &quot;index&quot;: &quot;Abteilung&quot;,\n    &quot;title&quot;: &quot;Forschung und Technologietransfer&quot;,\n    &quot;linkTitle&quot;: &quot;mehr erfahren&quot;,\n    &quot;link&quot;: {\n        &quot;url&quot;: &quot;https:\\\/\\\/www.verwaltung.uni-mainz.de\\\/ft\\\/&quot;\n    },\n    &quot;template&quot;: &quot;default&quot;,\n    &quot;align&quot;: &quot;wide&quot;,\n    &quot;icon&quot;: &quot;&quot;,\n    &quot;iconColor&quot;: &quot;default&quot;,\n    &quot;isCalendar&quot;: false,\n    &quot;iconBoxed&quot;: false,\n    &quot;useLinkList&quot;: false,\n    &quot;linkList&quot;: {},\n    &quot;hideThumbnail&quot;: false,\n    &quot;type&quot;: &quot;boxed&quot;,\n    &quot;excerpt&quot;: &quot;&quot;,\n    &quot;linkStyle&quot;: &quot;default&quot;,\n    &quot;overboxImage&quot;: false,\n    &quot;differingHeadlineColor&quot;: false,\n    &quot;headlineColor&quot;: &quot;&quot;,\n    &quot;textPositionBottom&quot;: false,\n    &quot;video&quot;: {\n        &quot;provider&quot;: &quot;youtube&quot;,\n        &quot;id&quot;: &quot;&quot;,\n        &quot;poster&quot;: &quot;&quot;\n    },\n    &quot;audioUrl&quot;: &quot;&quot;,\n    &quot;unbound&quot;: false\n}\">\n    \n<\/jgu-base-teaserbox><\/div>\n\n\n\n<div class=\"wp-block-column is-layout-flow wp-block-column-is-layout-flow\"><jgu-base-teaserbox react-props=\"{\n    &quot;headline&quot;: {\n        &quot;htmlTag&quot;: &quot;h2&quot;,\n        &quot;classTag&quot;: &quot;&quot;,\n        &quot;tag&quot;: &quot;h2&quot;\n    },\n    &quot;image&quot;: {\n        &quot;id&quot;: 2120,\n        &quot;url&quot;: null\n    },\n    &quot;showLearnMore&quot;: false,\n    &quot;color&quot;: &quot;blue&quot;,\n    &quot;index&quot;: &quot;Abteilung&quot;,\n    &quot;title&quot;: &quot;Internationales&quot;,\n    &quot;linkTitle&quot;: &quot;mehr erfahren&quot;,\n    &quot;link&quot;: {\n        &quot;url&quot;: &quot;https:\\\/\\\/www.verwaltung.uni-mainz.de\\\/int\\\/&quot;\n    },\n    &quot;template&quot;: &quot;default&quot;,\n    &quot;align&quot;: &quot;wide&quot;,\n    &quot;icon&quot;: &quot;&quot;,\n    &quot;iconColor&quot;: &quot;default&quot;,\n    &quot;isCalendar&quot;: false,\n    &quot;iconBoxed&quot;: false,\n    &quot;useLinkList&quot;: false,\n    &quot;linkList&quot;: {},\n    &quot;hideThumbnail&quot;: false,\n    &quot;type&quot;: &quot;boxed&quot;,\n    &quot;excerpt&quot;: &quot;&quot;,\n    &quot;linkStyle&quot;: &quot;default&quot;,\n    &quot;overboxImage&quot;: false,\n    &quot;differingHeadlineColor&quot;: false,\n    &quot;headlineColor&quot;: &quot;&quot;,\n    &quot;textPositionBottom&quot;: false,\n    &quot;video&quot;: {\n        &quot;provider&quot;: &quot;youtube&quot;,\n        &quot;id&quot;: &quot;&quot;,\n        &quot;poster&quot;: &quot;&quot;\n    },\n    &quot;audioUrl&quot;: &quot;&quot;,\n    &quot;unbound&quot;: false\n}\">\n    \n<\/jgu-base-teaserbox><\/div>\n\n\n\n<div class=\"wp-block-column is-layout-flow wp-block-column-is-layout-flow\"><jgu-base-teaserbox react-props=\"{\n    &quot;headline&quot;: {\n        &quot;htmlTag&quot;: &quot;h2&quot;,\n        &quot;classTag&quot;: &quot;&quot;,\n        &quot;tag&quot;: &quot;h2&quot;\n    },\n    &quot;showLearnMore&quot;: false,\n    &quot;color&quot;: &quot;blue&quot;,\n    &quot;title&quot;: &quot;Amt f\\u00fcr Ausbildungsf\\u00f6rderung&quot;,\n    &quot;excerpt&quot;: &quot;Das Amt f\\u00fcr Ausbildungsf\\u00f6rderung ist f\\u00fcr die BAf\\u00f6G-Bearbeitung der Studierenden der JGU in Mainz und Germersheim, der Katholischen Hochschule Mainz, der Hochschule Mainz, der Deutschen Universit\\u00e4t f\\u00fcr Verwaltungswissenschaften Speyer und der Hochschule f\\u00fcr Gesellschaftsgestaltung Koblenz zust\\u00e4ndig,&quot;,\n    &quot;linkTitle&quot;: &quot;mehr erfahren&quot;,\n    &quot;link&quot;: {\n        &quot;url&quot;: &quot;https:\\\/\\\/www.bafoeg.uni-mainz.de\\\/&quot;,\n        &quot;opensInNewTab&quot;: false\n    },\n    &quot;template&quot;: &quot;default&quot;,\n    &quot;align&quot;: &quot;wide&quot;,\n    &quot;icon&quot;: &quot;&quot;,\n    &quot;iconColor&quot;: &quot;default&quot;,\n    &quot;isCalendar&quot;: false,\n    &quot;iconBoxed&quot;: false,\n    &quot;useLinkList&quot;: false,\n    &quot;linkList&quot;: {},\n    &quot;hideThumbnail&quot;: false,\n    &quot;type&quot;: &quot;boxed&quot;,\n    &quot;index&quot;: &quot;&quot;,\n    &quot;linkStyle&quot;: &quot;default&quot;,\n    &quot;overboxImage&quot;: false,\n    &quot;differingHeadlineColor&quot;: false,\n    &quot;headlineColor&quot;: &quot;&quot;,\n    &quot;textPositionBottom&quot;: false,\n    &quot;video&quot;: {\n        &quot;provider&quot;: &quot;youtube&quot;,\n        &quot;id&quot;: &quot;&quot;,\n        &quot;poster&quot;: &quot;&quot;\n    },\n    &quot;audioUrl&quot;: &quot;&quot;,\n    &quot;unbound&quot;: false\n}\">\n    \n<\/jgu-base-teaserbox><\/div>\n\n\n\n<div class=\"wp-block-column is-layout-flow wp-block-column-is-layout-flow\"><jgu-base-teaserbox react-props=\"{\n    &quot;headline&quot;: {\n        &quot;htmlTag&quot;: &quot;h2&quot;,\n        &quot;classTag&quot;: &quot;&quot;,\n        &quot;tag&quot;: &quot;h2&quot;\n    },\n    &quot;showLearnMore&quot;: false,\n    &quot;color&quot;: &quot;blue&quot;,\n    &quot;title&quot;: &quot;Landeshochschulkasse&quot;,\n    &quot;excerpt&quot;: &quot;Die Landeshochschulkasse Mainz nimmt die Kassenaufgaben f\\u00fcr den gesamten Hochschulbereich des Landes Rheinland-Pfalz wahr.&quot;,\n    &quot;linkTitle&quot;: &quot;mehr erfahren&quot;,\n    &quot;link&quot;: {\n        &quot;url&quot;: &quot;https:\\\/\\\/www.verwaltung.lhsk.uni-mainz.de\\\/&quot;\n    },\n    &quot;template&quot;: &quot;default&quot;,\n    &quot;align&quot;: &quot;wide&quot;,\n    &quot;icon&quot;: &quot;&quot;,\n    &quot;iconColor&quot;: &quot;default&quot;,\n    &quot;isCalendar&quot;: false,\n    &quot;iconBoxed&quot;: false,\n    &quot;useLinkList&quot;: false,\n    &quot;linkList&quot;: {},\n    &quot;hideThumbnail&quot;: false,\n    &quot;type&quot;: &quot;boxed&quot;,\n    &quot;index&quot;: &quot;&quot;,\n    &quot;linkStyle&quot;: &quot;default&quot;,\n    &quot;overboxImage&quot;: false,\n    &quot;differingHeadlineColor&quot;: false,\n    &quot;headlineColor&quot;: &quot;&quot;,\n    &quot;textPositionBottom&quot;: false,\n    &quot;video&quot;: {\n        &quot;provider&quot;: &quot;youtube&quot;,\n        &quot;id&quot;: &quot;&quot;,\n        &quot;poster&quot;: &quot;&quot;\n    },\n    &quot;audioUrl&quot;: &quot;&quot;,\n    &quot;unbound&quot;: false\n}\">\n    \n<\/jgu-base-teaserbox><\/div>\n<\/div>\n\n\n<jgu-base-button style=\"display: flex; flex-wrap: wrap; column-gap: 30px; max-width: 100%; flex-direction: column; align-items: flex-end\">\n  \n<jgu-base-buttonitem react-props=\"{\n    &quot;text&quot;: &quot;Personen- und Einrichtungsverzeichnis&quot;,\n    &quot;styling&quot;: &quot;line&quot;,\n    &quot;link&quot;: {\n        &quot;url&quot;: &quot;https:\\\/\\\/personen.uni-mainz.de\\\/&quot;,\n        &quot;linkTarget&quot;: &quot;&quot;,\n        &quot;rel&quot;: &quot;&quot;,\n        &quot;opensInNewTab&quot;: true\n    },\n    &quot;align&quot;: &quot;left&quot;,\n    &quot;icon&quot;: &quot;arrow-right-solid&quot;,\n    &quot;type&quot;: &quot;default&quot;,\n    &quot;iconBefore&quot;: false,\n    &quot;isSmall&quot;: false,\n    &quot;fullWidth&quot;: false,\n    &quot;className&quot;: &quot;&quot;\n}\"><\/jgu-base-buttonitem>\n\n<\/jgu-base-button><\/div><\/div>\n<\/jgu-base-section>\n\n<jgu-base-section react-props=\"{&quot;color&quot;:&quot;white&quot;,&quot;align&quot;:&quot;wide&quot;,&quot;padding&quot;:&quot;medium&quot;}\">\n<div class=\"jgu-bgsection bg bg-white\"><div class=\"content padding-medium\">\n<div class=\"wp-block-columns is-layout-flex wp-container-core-columns-is-layout-9d6595d7 wp-block-columns-is-layout-flex\">\n<div class=\"wp-block-column is-layout-flow wp-block-column-is-layout-flow\"><jgu-base-numberbox react-props=\"{\n    &quot;title&quot;: &quot;Besch\\u00e4ftigte&quot;,\n    &quot;subline&quot;: &quot;an vier Standorten  &quot;,\n    &quot;headline&quot;: {\n        &quot;htmlTag&quot;: &quot;h2&quot;,\n        &quot;classTag&quot;: &quot;&quot;,\n        &quot;tag&quot;: &quot;h2&quot;\n    },\n    &quot;number&quot;: &quot;655&quot;,\n    &quot;counting&quot;: true,\n    &quot;align&quot;: &quot;wide&quot;,\n    &quot;formatString&quot;: &quot;{number}&quot;\n}\">\n    \n<\/jgu-base-numberbox>\n<\/div>\n\n\n\n<div class=\"wp-block-column is-layout-flow wp-block-column-is-layout-flow\"><jgu-base-numberbox react-props=\"{\n    &quot;title&quot;: &quot;Ausbildungspl\\u00e4tze&quot;,\n    &quot;subline&quot;: &quot;in spannenden Berufsfeldern&quot;,\n    &quot;headline&quot;: {\n        &quot;htmlTag&quot;: &quot;h2&quot;,\n        &quot;classTag&quot;: &quot;&quot;,\n        &quot;tag&quot;: &quot;h2&quot;\n    },\n    &quot;number&quot;: &quot;20&quot;,\n    &quot;align&quot;: &quot;wide&quot;,\n    &quot;formatString&quot;: &quot;{number}&quot;,\n    &quot;counting&quot;: false\n}\">\n    \n<\/jgu-base-numberbox>\n<\/div>\n\n\n\n<div class=\"wp-block-column is-layout-flow wp-block-column-is-layout-flow\"><jgu-base-numberbox react-props=\"{\n    &quot;title&quot;: &quot;verwaltete Mittel&quot;,\n    &quot;subline&quot;: &quot;Landesmittel und Drittmittel&quot;,\n    &quot;headline&quot;: {\n        &quot;htmlTag&quot;: &quot;h2&quot;,\n        &quot;classTag&quot;: &quot;&quot;,\n        &quot;tag&quot;: &quot;h2&quot;\n    },\n    &quot;number&quot;: &quot;450&quot;,\n    &quot;formatString&quot;: &quot;{number} Mio. \\u20ac&quot;,\n    &quot;align&quot;: &quot;wide&quot;,\n    &quot;counting&quot;: false\n}\">\n    \n<\/jgu-base-numberbox>\n<\/div>\n<\/div>\n<\/div><\/div>\n<\/jgu-base-section>\n\n<jgu-base-section react-props=\"{&quot;color&quot;:&quot;white&quot;,&quot;align&quot;:&quot;wide&quot;,&quot;padding&quot;:&quot;medium&quot;}\">\n<div class=\"jgu-bgsection bg bg-white\"><div class=\"content padding-medium\"><div\n\tclass=\"jgu-anchorpoint\"\n\tid=\"sonstige-ansprechpartner\"\n\tdata-label=\"Sonstige Ansprechpartner\"\n\tdata-hide-in-nav=\"false\"\n\ttabindex=\"0\"\n\tdata-initial-scroll=\"true\"\n><\/div>\n\n\n<jgu-base-heading react-props=\"{\n    &quot;index&quot;: &quot;Kontakte und Informationen&quot;,\n    &quot;tags&quot;: {\n        &quot;htmlTag&quot;: &quot;h2&quot;,\n        &quot;classTag&quot;: &quot;&quot;,\n        &quot;tag&quot;: &quot;h2&quot;\n    },\n    &quot;heading&quot;: &quot;Sonstige Ansprechpartner&quot;,\n    &quot;textAlign&quot;: &quot;left&quot;,\n    &quot;anchor&quot;: &quot;&quot;,\n    &quot;color&quot;: &quot;red&quot;\n}\"><\/jgu-base-heading>\n\n\n<jgu-base-tabs react-props=\"{\n    &quot;align&quot;: &quot;&quot;,\n    &quot;layout&quot;: {\n        &quot;type&quot;: &quot;flex&quot;,\n        &quot;flexWrap&quot;: &quot;nowrap&quot;,\n        &quot;justifyContent&quot;: &quot;left&quot;,\n        &quot;orientation&quot;: &quot;vertical&quot;\n    },\n    &quot;selected&quot;: 1,\n    &quot;ratio&quot;: 0,\n    &quot;autoRatio&quot;: true,\n    &quot;stackMobile&quot;: false,\n    &quot;hasAllOpenButton&quot;: true,\n    &quot;onlyOne&quot;: false,\n    &quot;initAllClosed&quot;: true,\n    &quot;enableSearch&quot;: false\n}\">\n    \n<jgu-base-tabsitem react-props=\"{\n    &quot;title&quot;: &quot;Beauftragter f\\u00fcr den Datenschutz&quot;,\n    &quot;slug&quot;: &quot;beauftragter-fur-den-datenschutz&quot;,\n    &quot;align&quot;: &quot;wide&quot;,\n    &quot;customSlug&quot;: false\n}\">\n    \n\n<div class=\"wp-block-columns is-layout-flex wp-container-core-columns-is-layout-9d6595d7 wp-block-columns-is-layout-flex\">\n<div class=\"wp-block-column is-layout-flow wp-block-column-is-layout-flow\" style=\"flex-basis:66.66%\"><jgu-base-collapsiblearea class=\"is-layout-flow wp-block-jgu-collapsible-area-is-layout-flow\" react-props=\"{&quot;visibleLines&quot;:12,&quot;collapse&quot;:&quot;always&quot;,&quot;collapsedHeight&quot;:150,&quot;content&quot;:&quot;\\n\\n&lt;p class=\\&quot;has-big-font-size\\&quot;&gt;Der Datenschutzbeauftragte unterrichtet und ber\\u00e4t unmittelbar das Pr\\u00e4sidium in allen datenschutzrechtlichen Angelegenheiten. Der Datenschutzbeauftragte wird ordnungsgem\\u00e4\\u00df und fr\\u00fchzeitig in alle mit dem Schutz personenbezogener Daten zusammenh\\u00e4ngenden Fragen eingebunden.&lt;\\\/p&gt;\\n\\n\\n\\n&lt;p class=\\&quot;has-big-font-size\\&quot;&gt;Betroffene Personen k\\u00f6nnen den Datenschutzbeauftragten zu allen mit der Verarbeitung ihrer personenbezogenen Daten und mit der Wahrnehmung ihrer Rechte gem\\u00e4\\u00df der Datenschutz-Grundverordnung (DS-GVO) im Zusammenhang stehenden Fragen zu Rate ziehen.&lt;\\\/p&gt;\\n\\n\\n\\n&lt;p class=\\&quot;has-big-font-size\\&quot;&gt;Dem Datenschutzbeauftragten obliegt die \\u00dcberwachung der Einhaltung der DS-GVO und anderer Datenschutzvorschriften sowie der Strategien des Verantwortlichen f\\u00fcr den Schutz personenbezogener Daten einschlie\\u00dflich der Zuweisung von Zust\\u00e4ndigkeiten, der Sensibilisierung und Schulung der an den Verarbeitungsvorg\\u00e4ngen beteiligten Mitarbeiterinnen und Mitarbeiter und der diesbez\\u00fcglichen \\u00dcberpr\\u00fcfungen.&lt;\\\/p&gt;\\n\\n\\n\\n&lt;p class=\\&quot;has-big-font-size\\&quot;&gt;Dar\\u00fcber hinaus ber\\u00e4t er im Zusammenhang mit der Datenschutz-Folgenabsch\\u00e4tzung und \\u00fcberwacht ihre Durchf\\u00fchrung gem\\u00e4\\u00df Artikel 35 DS-GVO.&lt;\\\/p&gt;\\n\\n\\n\\n&lt;p class=\\&quot;has-big-font-size\\&quot;&gt;Der Datenschutzbeauftragte arbeitet mit der Aufsichtsbeh\\u00f6rde, dem Landesbeauftragten f\\u00fcr den Datenschutz und die Informationsfreiheit Rheinland-Pfalz (LfDI), zusammen und ist Anlaufstelle f\\u00fcr die Aufsichtsbeh\\u00f6rde in mit der Verarbeitung personenbezogener Daten zusammenh\\u00e4ngenden Fragen.&lt;\\\/p&gt;\\n\\n&quot;,&quot;className&quot;:&quot;alignwide &quot;}\"><\/jgu-base-collapsiblearea><\/div>\n\n\n\n<div class=\"wp-block-column is-vertically-aligned-top is-layout-flow wp-block-column-is-layout-flow\" style=\"flex-basis:33.33%\"><jgu-base-contactcard react-props=\"{\n    &quot;name&quot;: &quot;Datenschutzbeauftragter&quot;,\n    &quot;align&quot;: &quot;wide&quot;,\n    &quot;actions&quot;: [],\n    &quot;color&quot;: &quot;default&quot;\n}\">\n    \n<jgu-base-listitem react-props=\"{\n    &quot;title&quot;: &quot;Nils Hammerle&quot;,\n    &quot;uuid&quot;: &quot;1702050773117&quot;,\n    &quot;align&quot;: &quot;wide&quot;,\n    &quot;showInActions&quot;: false,\n    &quot;allowNesting&quot;: true,\n    &quot;icon&quot;: &quot;&quot;,\n    &quot;showExpandableContent&quot;: false,\n    &quot;expandableContent&quot;: &quot;&quot;,\n    &quot;link&quot;: {\n        &quot;url&quot;: &quot;&quot;\n    }\n}\">\n    \n<\/jgu-base-listitem>\n\n<jgu-base-listitem react-props=\"{\n    &quot;icon&quot;: &quot;map-marker-alt-solid&quot;,\n    &quot;title&quot;: &quot;Johannes Gutenberg-Universit\\u00e4t Mainz&lt;br&gt;55099 Mainz&quot;,\n    &quot;uuid&quot;: &quot;1702050801729&quot;,\n    &quot;align&quot;: &quot;wide&quot;,\n    &quot;showInActions&quot;: false,\n    &quot;allowNesting&quot;: true,\n    &quot;showExpandableContent&quot;: false,\n    &quot;expandableContent&quot;: &quot;&quot;,\n    &quot;link&quot;: {\n        &quot;url&quot;: &quot;&quot;\n    }\n}\">\n    \n<\/jgu-base-listitem>\n\n<jgu-base-listitem react-props=\"{\n    &quot;icon&quot;: &quot;envelope-solid&quot;,\n    &quot;title&quot;: &quot;&lt;a href=\\&quot;mailto:datenschutz@uni-mainz.de\\&quot; target=\\&quot;_blank\\&quot; rel=\\&quot;noreferrer noopener\\&quot;&gt;datenschutz@uni-mainz.de&lt;\\\/a&gt;&quot;,\n    &quot;uuid&quot;: &quot;1699214817526&quot;,\n    &quot;link&quot;: {\n        &quot;url&quot;: &quot;mailto:datenschutz@uni-mainz.de&quot;\n    },\n    &quot;align&quot;: &quot;wide&quot;,\n    &quot;showInActions&quot;: false,\n    &quot;allowNesting&quot;: true,\n    &quot;showExpandableContent&quot;: false,\n    &quot;expandableContent&quot;: &quot;&quot;\n}\">\n    \n<\/jgu-base-listitem>\n\n<jgu-base-listitem react-props=\"{\n    &quot;icon&quot;: &quot;phone-solid&quot;,\n    &quot;title&quot;: &quot;&lt;a href=\\&quot;tel:+4961313920065\\&quot; target=\\&quot;_blank\\&quot; rel=\\&quot;noreferrer noopener\\&quot;&gt;+49 6131 39-20065&lt;\\\/a&gt;&quot;,\n    &quot;uuid&quot;: &quot;1702050887439&quot;,\n    &quot;link&quot;: {\n        &quot;url&quot;: &quot;tel:+4961313920065&quot;\n    },\n    &quot;align&quot;: &quot;wide&quot;,\n    &quot;showInActions&quot;: false,\n    &quot;allowNesting&quot;: true,\n    &quot;showExpandableContent&quot;: false,\n    &quot;expandableContent&quot;: &quot;&quot;\n}\">\n    \n<\/jgu-base-listitem>\n\n<\/jgu-base-contactcard><\/div>\n<\/div>\n\n\n<\/jgu-base-tabsitem>\n\n<jgu-base-tabsitem react-props=\"{\n    &quot;title&quot;: &quot;Beauftrage f\\u00fcr Korruptionspr\\u00e4vention&quot;,\n    &quot;slug&quot;: &quot;beauftrage-fur-korruptionspravention&quot;,\n    &quot;align&quot;: &quot;wide&quot;,\n    &quot;customSlug&quot;: false\n}\">\n    \n\n<div class=\"wp-block-columns is-layout-flex wp-container-core-columns-is-layout-9d6595d7 wp-block-columns-is-layout-flex\">\n<div class=\"wp-block-column is-layout-flow wp-block-column-is-layout-flow\" style=\"flex-basis:50%\"><jgu-base-collapsiblearea class=\"is-layout-flow wp-block-jgu-collapsible-area-is-layout-flow\" react-props=\"{&quot;visibleLines&quot;:7,&quot;collapse&quot;:&quot;always&quot;,&quot;collapsedHeight&quot;:150,&quot;content&quot;:&quot;\\n\\n&lt;p class=\\&quot;has-big-font-size\\&quot;&gt;Die Beauftragte f\\u00fcr Korruptionspr\\u00e4vention ist eine von der Hochschulleitung bestellte Vertrauensperson, die sowohl f\\u00fcr die Bediensteten der Universit\\u00e4t als auch f\\u00fcr Gesch\\u00e4ftspartner und Dritte als neutrale Ansprechpartnerin fungiert. Sie geht Hinweisen nach und veranlasst im Einvernehmen mit der Hochschulleitung ggf. weitere Schritte.&lt;\\\/p&gt;\\n\\n\\n\\n&lt;p class=\\&quot;has-big-font-size\\&quot;&gt;Haben Sie im Zusammenhang mit Ihrer beruflichen T\\u00e4tigkeit oder im Vorfeld einer beruflichen T\\u00e4tigkeit Informationen \\u00fcber Verst\\u00f6\\u00dfe durch Angeh\\u00f6rige der JGU erlangt und erw\\u00e4gen Sie, diese zu melden, damit hier geeignete Ma\\u00dfnahmen ergriffen werden k\\u00f6nnen, wenden Sie sich bitte an die interne Meldestelle, die sie auf der n\\u00e4chsten Registerkarte finden.&lt;\\\/p&gt;\\n\\n\\n\\n&lt;p class=\\&quot;has-big-font-size\\&quot;&gt;Universit\\u00e4tsangeh\\u00f6rige finden zur Korruptionsbek\\u00e4mpfung weitere Informationen  im &lt;a href=\\&quot;https:\\\/\\\/ir-oe.verwaltung.uni-mainz.de\\\/innenrevision-und-organisationsentwicklung-ir-oe\\\/downloadcenter\\\/\\&quot;&gt;Service und Downloadbereich&lt;\\\/a&gt;.&lt;br&gt;F\\u00fcr geschlossene Bereiche wie Fachbereiche, Institute, Lehrst\\u00fchle, Abteilungen werden auch Informationsveranstaltungen angeboten.&lt;\\\/p&gt;\\n\\n&quot;,&quot;className&quot;:&quot;alignwide &quot;}\"><\/jgu-base-collapsiblearea><\/div>\n\n\n\n<div class=\"wp-block-column is-layout-flow wp-block-column-is-layout-flow\" style=\"flex-basis:50%\"><jgu-base-contactcard react-props=\"{\n    &quot;name&quot;: &quot;Beauftragte f\\u00fcr Korruptionspr\\u00e4vention&quot;,\n    &quot;align&quot;: &quot;wide&quot;,\n    &quot;actions&quot;: [],\n    &quot;color&quot;: &quot;default&quot;\n}\">\n    \n<jgu-base-listitem react-props=\"{\n    &quot;title&quot;: &quot;Doris Zapp&quot;,\n    &quot;uuid&quot;: &quot;1699374711593&quot;,\n    &quot;align&quot;: &quot;wide&quot;,\n    &quot;showInActions&quot;: false,\n    &quot;allowNesting&quot;: true,\n    &quot;icon&quot;: &quot;&quot;,\n    &quot;showExpandableContent&quot;: false,\n    &quot;expandableContent&quot;: &quot;&quot;,\n    &quot;link&quot;: {\n        &quot;url&quot;: &quot;&quot;\n    }\n}\">\n    \n<\/jgu-base-listitem>\n\n<jgu-base-listitem react-props=\"{\n    &quot;icon&quot;: &quot;map-marker-alt-solid&quot;,\n    &quot;title&quot;: &quot;Johannes Gutenberg-Universit\\u00e4t Mainz&lt;br&gt;55099 Mainz&quot;,\n    &quot;uuid&quot;: &quot;1702052223262&quot;,\n    &quot;align&quot;: &quot;wide&quot;,\n    &quot;showInActions&quot;: false,\n    &quot;allowNesting&quot;: true,\n    &quot;showExpandableContent&quot;: false,\n    &quot;expandableContent&quot;: &quot;&quot;,\n    &quot;link&quot;: {\n        &quot;url&quot;: &quot;&quot;\n    }\n}\">\n    \n<\/jgu-base-listitem>\n\n<jgu-base-listitem react-props=\"{\n    &quot;icon&quot;: &quot;envelope-solid&quot;,\n    &quot;title&quot;: &quot;&lt;a href=\\&quot;mailto:zapp@uni-mainz.de\\&quot; target=\\&quot;_blank\\&quot; rel=\\&quot;noreferrer noopener\\&quot;&gt;zapp@uni-mainz.de&lt;\\\/a&gt;&quot;,\n    &quot;uuid&quot;: &quot;1702052256570&quot;,\n    &quot;link&quot;: {\n        &quot;url&quot;: &quot;mailto:zapp@uni-mainz.de&quot;\n    },\n    &quot;align&quot;: &quot;wide&quot;,\n    &quot;showInActions&quot;: false,\n    &quot;allowNesting&quot;: true,\n    &quot;showExpandableContent&quot;: false,\n    &quot;expandableContent&quot;: &quot;&quot;\n}\">\n    \n<\/jgu-base-listitem>\n\n<jgu-base-listitem react-props=\"{\n    &quot;icon&quot;: &quot;phone-solid&quot;,\n    &quot;title&quot;: &quot;&lt;a href=\\&quot;tel:+4961313920645\\&quot; target=\\&quot;_blank\\&quot; rel=\\&quot;noreferrer noopener\\&quot;&gt;+49 6131 39-20645&lt;\\\/a&gt;&quot;,\n    &quot;uuid&quot;: &quot;1702052236814&quot;,\n    &quot;link&quot;: {\n        &quot;url&quot;: &quot;tel:+4961313920645&quot;\n    },\n    &quot;align&quot;: &quot;wide&quot;,\n    &quot;showInActions&quot;: false,\n    &quot;allowNesting&quot;: true,\n    &quot;showExpandableContent&quot;: false,\n    &quot;expandableContent&quot;: &quot;&quot;\n}\">\n    \n<\/jgu-base-listitem>\n\n<\/jgu-base-contactcard>\n\n<jgu-base-contactcard react-props=\"{\n    &quot;name&quot;: &quot;Vertrauensanwalt&quot;,\n    &quot;align&quot;: &quot;wide&quot;,\n    &quot;actions&quot;: [],\n    &quot;color&quot;: &quot;default&quot;\n}\">\n    \n<jgu-base-listitem react-props=\"{\n    &quot;title&quot;: &quot;Justizrat Rolf S. Weis&quot;,\n    &quot;uuid&quot;: &quot;1702327119450&quot;,\n    &quot;align&quot;: &quot;wide&quot;,\n    &quot;showInActions&quot;: false,\n    &quot;allowNesting&quot;: true,\n    &quot;icon&quot;: &quot;&quot;,\n    &quot;showExpandableContent&quot;: false,\n    &quot;expandableContent&quot;: &quot;&quot;,\n    &quot;link&quot;: {\n        &quot;url&quot;: &quot;&quot;\n    }\n}\">\n    \n<\/jgu-base-listitem>\n\n<jgu-base-listitem react-props=\"{\n    &quot;icon&quot;: &quot;map-marker-alt-solid&quot;,\n    &quot;title&quot;: &quot;St.-Guido-Stifts-Platz 4&lt;br&gt;67346 Speyer&quot;,\n    &quot;uuid&quot;: &quot;1702327144176&quot;,\n    &quot;align&quot;: &quot;wide&quot;,\n    &quot;showInActions&quot;: false,\n    &quot;allowNesting&quot;: true,\n    &quot;showExpandableContent&quot;: false,\n    &quot;expandableContent&quot;: &quot;&quot;,\n    &quot;link&quot;: {\n        &quot;url&quot;: &quot;&quot;\n    }\n}\">\n    \n<\/jgu-base-listitem>\n\n<jgu-base-listitem react-props=\"{\n    &quot;icon&quot;: &quot;envelope-solid&quot;,\n    &quot;title&quot;: &quot;&lt;a href=\\&quot;mailto:service@vertrauensanwalt-rheinland-pfalz.de\\&quot; target=\\&quot;_blank\\&quot; rel=\\&quot;noreferrer noopener\\&quot;&gt;service@vertrauensanwalt-rheinland-pfalz.de&lt;\\\/a&gt;&quot;,\n    &quot;uuid&quot;: &quot;1702327268151&quot;,\n    &quot;link&quot;: {\n        &quot;url&quot;: &quot;mailto:service@vertrauensanwalt-rheinland-pfalz.de&quot;\n    },\n    &quot;align&quot;: &quot;wide&quot;,\n    &quot;showInActions&quot;: false,\n    &quot;allowNesting&quot;: true,\n    &quot;showExpandableContent&quot;: false,\n    &quot;expandableContent&quot;: &quot;&quot;\n}\">\n    \n<\/jgu-base-listitem>\n\n<jgu-base-listitem react-props=\"{\n    &quot;icon&quot;: &quot;phone-solid&quot;,\n    &quot;title&quot;: &quot;&lt;a href=\\&quot;tel:+49626313240\\&quot; target=\\&quot;_blank\\&quot; rel=\\&quot;noreferrer noopener\\&quot;&gt;+49 6263 1324-0&lt;\\\/a&gt;&quot;,\n    &quot;uuid&quot;: &quot;1702327180251&quot;,\n    &quot;link&quot;: {\n        &quot;url&quot;: &quot;tel:+49626313240&quot;\n    },\n    &quot;align&quot;: &quot;wide&quot;,\n    &quot;showInActions&quot;: false,\n    &quot;allowNesting&quot;: true,\n    &quot;showExpandableContent&quot;: false,\n    &quot;expandableContent&quot;: &quot;&quot;\n}\">\n    \n<\/jgu-base-listitem>\n\n<\/jgu-base-contactcard><\/div>\n<\/div>\n\n\n<\/jgu-base-tabsitem>\n\n<jgu-base-tabsitem react-props=\"{\n    &quot;title&quot;: &quot;Interne Meldestelle nach Hinweisgeberschutzgesetz&quot;,\n    &quot;slug&quot;: &quot;interne-meldestelle-nach-hinweisgeberschutzgesetz&quot;,\n    &quot;align&quot;: &quot;wide&quot;,\n    &quot;customSlug&quot;: false\n}\">\n    \n\n<div class=\"wp-block-columns is-layout-flex wp-container-core-columns-is-layout-9d6595d7 wp-block-columns-is-layout-flex\">\n<div class=\"wp-block-column is-layout-flow wp-block-column-is-layout-flow\" style=\"flex-basis:66.66%\"><jgu-base-collapsiblearea class=\"is-layout-flow wp-block-jgu-collapsible-area-is-layout-flow\" react-props=\"{&quot;visibleLines&quot;:12,&quot;collapse&quot;:&quot;always&quot;,&quot;collapsedHeight&quot;:150,&quot;content&quot;:&quot;\\n\\n&lt;p class=\\&quot;has-big-font-size\\&quot;&gt;Mit dem Hinweisgeberschutzgesetz sollen Hinweisgebende, die auf Rechts- und Regel\\u00adverst\\u00f6\\u00dfe in Unternehmen und Beh\\u00f6rden aufmerksam machen, vor beruflichen Benachteiligungen aufgrund ihrer Hinweise gesch\\u00fctzt werden. Haben Sie im Zusammenhang mit Ihrer beruflichen T\\u00e4tigkeit oder im Vorfeld einer beruflichen T\\u00e4tigkeit Informationen \\u00fcber Verst\\u00f6\\u00dfe durch Angeh\\u00f6rige der JGU erlangt und erw\\u00e4gen Sie, diese zu melden, damit hier geeignete Ma\\u00dfnahmen ergriffen werden k\\u00f6nnen, wenden Sie sich bitte an die interne Meldestelle der JGU. Meldungen bzw. Hinweise k\\u00f6nnen Sie elektronisch, schriftlich, telefonisch oder pers\\u00f6nlich einreichen. Um Verst\\u00f6\\u00dfe schnellstm\\u00f6glich zu \\u00fcberpr\\u00fcfen und abstellen zu k\\u00f6nnen, bitten wir diese interne Meldestelle bevorzugt vor den anderen Meldestellen zu nutzen.&lt;\\\/p&gt;\\n\\n\\n\\n&lt;p class=\\&quot;has-big-font-size\\&quot;&gt;Ihre Meldung wird unter Wahrung der Vertraulichkeit bearbeitet; die datenschutzrechtlichen Bestimmungen der Datenschutz-Grundverordnung werden beachtet. Unter bestimmten gesetzlichen Voraussetzungen k\\u00f6nnen wir allerdings gehalten sein, Ihre Identit\\u00e4t anderen Beh\\u00f6rden mitzuteilen. Dies kann Verlangen der Strafverfolgungsbeh\\u00f6rden in Strafverfahren, Anordnungen in einem einer Meldung nachfolgenden Verwaltungsverfahren, einschlie\\u00dflich verwaltungsbeh\\u00f6rdlicher Bu\\u00dfgeldverfahren, sowie gerichtliche Entscheidungen betreffen. Sie k\\u00f6nnen Hinweise auch anonym abgegeben. Beachten Sie dabei jedoch, dass, wenn Sie keine Kontaktm\\u00f6glichkeit angeben, wir im weiteren Verfahren keine M\\u00f6glichkeit haben, Sie bei etwaigen R\\u00fcckfragen zu kontaktieren und Sie ggf. \\u00fcber das Ergebnis unserer Pr\\u00fcfung in Kenntnis zu setzen.&lt;\\\/p&gt;\\n\\n\\n\\n&lt;p class=\\&quot;has-big-font-size\\&quot;&gt;Informationen \\u00fcber privates Fehlverhalten fallen nicht unter das Hinweisgeberschutzgesetz.&lt;\\\/p&gt;\\n\\n\\n\\n&lt;p class=\\&quot;has-big-font-size\\&quot;&gt;Beim Bundesamt f\\u00fcr Justiz ist eine externe Meldestelle eingerichtet; die Webseite des Bundesamtes f\\u00fcr Justiz &lt;a href=\\&quot;https:\\\/\\\/www.bundesjustizamt.de\\\/DE\\\/MeldestelledesBundes\\\/MeldestelledesBundes_node.html\\&quot;&gt;https:\\\/\\\/www.bundesjustizamt.de\\\/DE\\\/MeldestelledesBundes\\\/MeldestelledesBundes_node.html &lt;\\\/a&gt; bietet zudem weitere Informationen zum Hinweisgeberschutz, die umfassend auch f\\u00fcr die interne Meldestelle der JGU gelten.&lt;\\\/p&gt;\\n\\n\\n\\n&lt;p class=\\&quot;has-big-font-size\\&quot;&gt;Es steht auch die beim Ministerium f\\u00fcr Wissenschaft und Gesundheit, MWG, eingerichtete zentrale interne Meldestelle zur Verf\\u00fcgung. Sie ist erreichbar unter&lt;\\\/p&gt;\\n\\n\\n\\n&lt;p class=\\&quot;has-big-font-size\\&quot;&gt;Interne Meldestelle MWG&lt;br&gt;c\\\/o Referat 15124 MWG&lt;br&gt;Mittlere Bleiche 61&lt;br&gt;55116 Mainz&lt;br&gt;Postfach 32 20&lt;br&gt;Frau Dr. Linda D\\u00f6rflinger-Wittor, +49 (6131) 16 - 2895&lt;br&gt;und Frau Anna Christina Grund, +49 (6131) 16 - 4031&lt;\\\/p&gt;\\n\\n&quot;,&quot;className&quot;:&quot;alignwide &quot;}\"><\/jgu-base-collapsiblearea><\/div>\n\n\n\n<div class=\"wp-block-column is-layout-flow wp-block-column-is-layout-flow\" style=\"flex-basis:33.33%\"><jgu-base-contactcard react-props=\"{\n    &quot;name&quot;: &quot;Interne Meldestelle der JGU&quot;,\n    &quot;align&quot;: &quot;wide&quot;,\n    &quot;actions&quot;: [],\n    &quot;color&quot;: &quot;default&quot;\n}\">\n    \n<jgu-base-listitem react-props=\"{\n    &quot;title&quot;: &quot;Doris Zapp&quot;,\n    &quot;uuid&quot;: &quot;1699374929552&quot;,\n    &quot;align&quot;: &quot;wide&quot;,\n    &quot;showInActions&quot;: false,\n    &quot;allowNesting&quot;: true,\n    &quot;icon&quot;: &quot;&quot;,\n    &quot;showExpandableContent&quot;: false,\n    &quot;expandableContent&quot;: &quot;&quot;,\n    &quot;link&quot;: {\n        &quot;url&quot;: &quot;&quot;\n    }\n}\">\n    \n<\/jgu-base-listitem>\n\n<jgu-base-listitem react-props=\"{\n    &quot;icon&quot;: &quot;map-marker-alt-solid&quot;,\n    &quot;title&quot;: &quot;Johannes Gutenberg-Universit\\u00e4t Mainz&lt;br&gt;55099 Mainz&quot;,\n    &quot;uuid&quot;: &quot;1702052800622&quot;,\n    &quot;align&quot;: &quot;wide&quot;,\n    &quot;showInActions&quot;: false,\n    &quot;allowNesting&quot;: true,\n    &quot;showExpandableContent&quot;: false,\n    &quot;expandableContent&quot;: &quot;&quot;,\n    &quot;link&quot;: {\n        &quot;url&quot;: &quot;&quot;\n    }\n}\">\n    \n<\/jgu-base-listitem>\n\n<jgu-base-listitem react-props=\"{\n    &quot;icon&quot;: &quot;envelope-solid&quot;,\n    &quot;title&quot;: &quot;&lt;a href=\\&quot;mailto:meldestelle@uni-mainz.de\\&quot; target=\\&quot;_blank\\&quot; rel=\\&quot;noreferrer noopener\\&quot;&gt;meldestelle@uni-mainz.de&lt;\\\/a&gt;&quot;,\n    &quot;uuid&quot;: &quot;1702052810510&quot;,\n    &quot;link&quot;: {\n        &quot;url&quot;: &quot;mailto:meldestelle@uni-mainz.de&quot;\n    },\n    &quot;align&quot;: &quot;wide&quot;,\n    &quot;showInActions&quot;: false,\n    &quot;allowNesting&quot;: true,\n    &quot;showExpandableContent&quot;: false,\n    &quot;expandableContent&quot;: &quot;&quot;\n}\">\n    \n<\/jgu-base-listitem>\n\n<jgu-base-listitem react-props=\"{\n    &quot;icon&quot;: &quot;phone-solid&quot;,\n    &quot;title&quot;: &quot;&lt;a href=\\&quot;tel:+4961313920645\\&quot; target=\\&quot;_blank\\&quot; rel=\\&quot;noreferrer noopener\\&quot;&gt;+49 6131 39-20645 &lt;\\\/a&gt;&quot;,\n    &quot;uuid&quot;: &quot;1702052873712&quot;,\n    &quot;link&quot;: {\n        &quot;url&quot;: &quot;tel:+4961313920645&quot;\n    },\n    &quot;align&quot;: &quot;wide&quot;,\n    &quot;showInActions&quot;: false,\n    &quot;allowNesting&quot;: true,\n    &quot;showExpandableContent&quot;: false,\n    &quot;expandableContent&quot;: &quot;&quot;\n}\">\n    \n<\/jgu-base-listitem>\n\n<jgu-base-listitem react-props=\"{\n    &quot;icon&quot;: &quot;map-marked-solid&quot;,\n    &quot;title&quot;: &quot;Besuchsadresse:&lt;br&gt;Forum universitatis 2&lt;br&gt;Raum 01-239&quot;,\n    &quot;uuid&quot;: &quot;1702326952160&quot;,\n    &quot;align&quot;: &quot;wide&quot;,\n    &quot;showInActions&quot;: false,\n    &quot;allowNesting&quot;: true,\n    &quot;showExpandableContent&quot;: false,\n    &quot;expandableContent&quot;: &quot;&quot;,\n    &quot;link&quot;: {\n        &quot;url&quot;: &quot;&quot;\n    }\n}\">\n    \n<\/jgu-base-listitem>\n\n<\/jgu-base-contactcard><\/div>\n<\/div>\n\n\n<\/jgu-base-tabsitem>\n\n<jgu-base-tabsitem react-props=\"{\n    &quot;title&quot;: &quot;Suchtberatung und Pr\\u00e4vention&quot;,\n    &quot;slug&quot;: &quot;suchtberatung-und-pravention&quot;,\n    &quot;align&quot;: &quot;wide&quot;,\n    &quot;customSlug&quot;: false\n}\">\n    \n\n<div class=\"wp-block-columns is-layout-flex wp-container-core-columns-is-layout-9d6595d7 wp-block-columns-is-layout-flex\">\n<div class=\"wp-block-column is-layout-flow wp-block-column-is-layout-flow\" style=\"flex-basis:66.66%\"><jgu-base-collapsiblearea class=\"is-layout-flow wp-block-jgu-collapsible-area-is-layout-flow\" react-props=\"{&quot;visibleLines&quot;:10,&quot;collapse&quot;:&quot;always&quot;,&quot;collapsedHeight&quot;:150,&quot;content&quot;:&quot;\\n\\n&lt;p class=\\&quot;has-big-font-size\\&quot;&gt;Einen gro\\u00dfen Teil seines Lebens verbringt der Mensch am Arbeitsplatz. Daher ist es nicht ungew\\u00f6hnlich, dass sich auch pers\\u00f6nliche Probleme im Arbeitskontext bemerkbar machen.&lt;\\\/p&gt;\\n\\n\\n\\n&lt;ul class=\\&quot;wp-block-list has-big-font-size\\&quot;&gt;\\n&lt;li&gt;Sie haben allgemeine Fragen zum Thema Abh\\u00e4ngigkeitserkrankungen&lt;\\\/li&gt;\\n\\n\\n\\n&lt;li&gt;Sie machen sich Gedanken um einen Kollegen oder nahestehenden Menschen&lt;\\\/li&gt;\\n\\n\\n\\n&lt;li&gt;Sie ben\\u00f6tigen Unterst\\u00fctzung bei der Suche nach einer L\\u00f6sung&lt;\\\/li&gt;\\n\\n\\n\\n&lt;li&gt;Sie planen eine Infoveranstaltung zum Thema Abh\\u00e4ngigkeit&lt;\\\/li&gt;\\n&lt;\\\/ul&gt;\\n\\n\\n\\n&lt;p class=\\&quot;has-big-font-size\\&quot;&gt;dann sprechen Sie mich bitte an.&lt;\\\/p&gt;\\n\\n\\n\\n&lt;p class=\\&quot;has-big-font-size\\&quot;&gt;Beratungsgespr\\u00e4che sind kostenlos und unterliegen der Schweigepflicht.&lt;\\\/p&gt;\\n\\n\\n\\n&lt;p class=\\&quot;has-big-font-size\\&quot;&gt;Sie k\\u00f6nnen auch anonym gef\\u00fchrt werden.&lt;\\\/p&gt;\\n\\n&quot;,&quot;className&quot;:&quot;alignwide &quot;}\"><\/jgu-base-collapsiblearea>\n\n<jgu-base-image react-props=\"{\n    &quot;align&quot;: &quot;center&quot;,\n    &quot;image&quot;: {\n        &quot;url&quot;: null,\n        &quot;id&quot;: 1484\n    },\n    &quot;width&quot;: 201,\n    &quot;hasLightbox&quot;: false,\n    &quot;caption&quot;: &quot;&quot;,\n    &quot;imgWidth&quot;: 0,\n    &quot;link&quot;: {\n        &quot;url&quot;: &quot;&quot;,\n        &quot;target&quot;: &quot;&quot;,\n        &quot;rel&quot;: &quot;&quot;\n    }\n}\" class=\"align-center\">\n    \n<\/jgu-base-image><\/div>\n\n\n\n<div class=\"wp-block-column is-layout-flow wp-block-column-is-layout-flow\" style=\"flex-basis:33.33%\"><jgu-base-contactcard react-props=\"{\n    &quot;name&quot;: &quot;Suchtberatung&quot;,\n    &quot;align&quot;: &quot;wide&quot;,\n    &quot;actions&quot;: [],\n    &quot;color&quot;: &quot;default&quot;\n}\">\n    \n<jgu-base-listitem react-props=\"{\n    &quot;title&quot;: &quot;Beatrice Zerbe&quot;,\n    &quot;uuid&quot;: &quot;1699375467564&quot;,\n    &quot;align&quot;: &quot;wide&quot;,\n    &quot;showInActions&quot;: false,\n    &quot;allowNesting&quot;: true,\n    &quot;icon&quot;: &quot;&quot;,\n    &quot;showExpandableContent&quot;: false,\n    &quot;expandableContent&quot;: &quot;&quot;,\n    &quot;link&quot;: {\n        &quot;url&quot;: &quot;&quot;\n    }\n}\">\n    \n<\/jgu-base-listitem>\n\n<jgu-base-listitem react-props=\"{\n    &quot;icon&quot;: &quot;map-marker-alt-solid&quot;,\n    &quot;title&quot;: &quot;Johannes Gutenberg-Universit\\u00e4t Mainz&lt;br&gt;55099 Mainz&quot;,\n    &quot;uuid&quot;: &quot;1702053499801&quot;,\n    &quot;align&quot;: &quot;wide&quot;,\n    &quot;showInActions&quot;: false,\n    &quot;allowNesting&quot;: true,\n    &quot;showExpandableContent&quot;: false,\n    &quot;expandableContent&quot;: &quot;&quot;,\n    &quot;link&quot;: {\n        &quot;url&quot;: &quot;&quot;\n    }\n}\">\n    \n<\/jgu-base-listitem>\n\n<jgu-base-listitem react-props=\"{\n    &quot;icon&quot;: &quot;envelope-solid&quot;,\n    &quot;title&quot;: &quot;&lt;a href=\\&quot;mailto:beatrice.zerbe@uni-mainz.de\\&quot; target=\\&quot;_blank\\&quot; rel=\\&quot;noreferrer noopener\\&quot;&gt;beatrice.zerbe@uni-mainz.de&lt;\\\/a&gt;&quot;,\n    &quot;uuid&quot;: &quot;1702053512188&quot;,\n    &quot;link&quot;: {\n        &quot;url&quot;: &quot;mailto:beatrice.zerbe@uni-mainz.de&quot;\n    },\n    &quot;align&quot;: &quot;wide&quot;,\n    &quot;showInActions&quot;: false,\n    &quot;allowNesting&quot;: true,\n    &quot;showExpandableContent&quot;: false,\n    &quot;expandableContent&quot;: &quot;&quot;\n}\">\n    \n<\/jgu-base-listitem>\n\n<jgu-base-listitem react-props=\"{\n    &quot;icon&quot;: &quot;phone-solid&quot;,\n    &quot;title&quot;: &quot;&lt;a href=\\&quot;tel:+49015118068364\\&quot; target=\\&quot;_blank\\&quot; rel=\\&quot;noreferrer noopener\\&quot;&gt;+49 151 18068364&lt;\\\/a&gt;&quot;,\n    &quot;uuid&quot;: &quot;1702053558425&quot;,\n    &quot;link&quot;: {\n        &quot;url&quot;: &quot;tel:+49015118068364&quot;\n    },\n    &quot;align&quot;: &quot;wide&quot;,\n    &quot;showInActions&quot;: false,\n    &quot;allowNesting&quot;: true,\n    &quot;showExpandableContent&quot;: false,\n    &quot;expandableContent&quot;: &quot;&quot;\n}\">\n    \n<\/jgu-base-listitem>\n\n<jgu-base-listitem react-props=\"{\n    &quot;icon&quot;: &quot;map-marked-solid&quot;,\n    &quot;title&quot;: &quot;Besuchsadresse:&lt;br&gt;Forum universitatis 4 \\\/ Eingang \\u00fcber Forum 3&lt;br&gt;Raum 02-420  (Dachgeschoss)&quot;,\n    &quot;uuid&quot;: &quot;1702644645694&quot;,\n    &quot;align&quot;: &quot;wide&quot;,\n    &quot;showInActions&quot;: false,\n    &quot;allowNesting&quot;: true,\n    &quot;showExpandableContent&quot;: false,\n    &quot;expandableContent&quot;: &quot;&quot;,\n    &quot;link&quot;: {\n        &quot;url&quot;: &quot;&quot;\n    }\n}\">\n    \n<\/jgu-base-listitem>\n\n<jgu-base-listitem react-props=\"{\n    &quot;icon&quot;: &quot;calendar-solid&quot;,\n    &quot;title&quot;: &quot;Termine nach Vereinbarung&quot;,\n    &quot;uuid&quot;: &quot;1702053609910&quot;,\n    &quot;align&quot;: &quot;wide&quot;,\n    &quot;showInActions&quot;: false,\n    &quot;allowNesting&quot;: true,\n    &quot;showExpandableContent&quot;: false,\n    &quot;expandableContent&quot;: &quot;&quot;,\n    &quot;link&quot;: {\n        &quot;url&quot;: &quot;&quot;\n    }\n}\">\n    \n<\/jgu-base-listitem>\n\n<\/jgu-base-contactcard>\n\n<jgu-base-button style=\"display: flex; flex-wrap: wrap; column-gap: 30px; max-width: 100%; flex-direction: row; justify-content: left\">\n  \n<jgu-base-buttonitem react-props=\"{\n    &quot;text&quot;: &quot;Weitere Informationen&quot;,\n    &quot;link&quot;: {\n        &quot;url&quot;: &quot;https:\\\/\\\/www.blogs.uni-mainz.de\\\/suchtberatung\\\/&quot;,\n        &quot;linkTarget&quot;: &quot;&quot;,\n        &quot;rel&quot;: &quot;&quot;,\n        &quot;opensInNewTab&quot;: true\n    },\n    &quot;align&quot;: &quot;left&quot;,\n    &quot;styling&quot;: &quot;primary&quot;,\n    &quot;icon&quot;: &quot;arrow-right-solid&quot;,\n    &quot;type&quot;: &quot;default&quot;,\n    &quot;iconBefore&quot;: false,\n    &quot;isSmall&quot;: false,\n    &quot;fullWidth&quot;: false,\n    &quot;className&quot;: &quot;&quot;\n}\"><\/jgu-base-buttonitem>\n\n<\/jgu-base-button><\/div>\n<\/div>\n\n\n<\/jgu-base-tabsitem>\n\n<jgu-base-tabsitem react-props=\"{\n    &quot;title&quot;: &quot;Feedback&quot;,\n    &quot;slug&quot;: &quot;feedback&quot;,\n    &quot;align&quot;: &quot;wide&quot;,\n    &quot;customSlug&quot;: false\n}\">\n    \n\n<div class=\"wp-block-columns is-layout-flex wp-container-core-columns-is-layout-9d6595d7 wp-block-columns-is-layout-flex\">\n<div class=\"wp-block-column is-layout-flow wp-block-column-is-layout-flow\" style=\"flex-basis:66.66%\"><jgu-base-collapsiblearea class=\"is-layout-flow wp-block-jgu-collapsible-area-is-layout-flow\" react-props=\"{&quot;visibleLines&quot;:12,&quot;collapse&quot;:&quot;always&quot;,&quot;collapsedHeight&quot;:150,&quot;content&quot;:&quot;\\n\\n&lt;p class=\\&quot;has-big-font-size\\&quot;&gt;Interesse des zentralen Feedbackmanagements ist es, den Studierenden der Johannes Gutenberg-Universit\\u00e4t&amp;nbsp;Mainz eine M\\u00f6glichkeit zu bieten, ein Feedback zu den Serviceangeboten der zentralen Universit\\u00e4tsverwaltung an eine neutrale Stelle au\\u00dferhalb der Strukturen der Verwaltung zur\\u00fcckzumelden.&lt;br&gt;Es soll aber auch den Besch\\u00e4ftigten der zentralen Universit\\u00e4tsverwaltung selbst eine M\\u00f6glichkeit er\\u00f6ffnen, Feedback an eine neutrale Anlaufstelle zu geben, bspw. in Bezug auf die jeweilige Arbeitssituation.&lt;\\\/p&gt;\\n\\n\\n\\n&lt;p class=\\&quot;has-big-font-size\\&quot;&gt;Ihr Anliegen wird sorgf\\u00e4ltig gepr\\u00fcft und anonymisiert an den zust\\u00e4ndigen Bereich weitergeleitet, um hier individuell bearbeitet und, falls m\\u00f6glich, zeitnah umgesetzt zu werden. Nach Abschluss der Bearbeitung werden Sie \\u00fcber das Ergebnis informiert. Im gesamten Bearbeitungsprozess werden ohne ausdr\\u00fcckliche Zustimmung des Absenders keine pers\\u00f6nlichen Daten weitergegeben. Ihre Kontaktdaten dienen ausschlie\\u00dflich der Beantwortung Ihres Feedbacks und f\\u00fcr eventuelle Nachfragen unsererseits.&lt;\\\/p&gt;\\n\\n\\n\\n&lt;p class=\\&quot;has-big-font-size\\&quot;&gt;Bitte beachten Sie, dass \\u00fcber dieses Instrument keinerlei Beratungsleistung wie zum Beispiel Rechts- oder Studienberatung erfolgt. In diesen F\\u00e4llen wenden Sie sich bitte direkt an die zust\\u00e4ndigen Fachabteilungen.&lt;\\\/p&gt;\\n\\n\\n\\n&lt;p class=\\&quot;has-big-font-size\\&quot;&gt;Sie erreichen das zentrale Feedbackmanagement telefonisch, per E-Mail oder \\u00fcber das Webformular. Nach Vereinbarung ist auch ein pers\\u00f6nliches Gespr\\u00e4ch m\\u00f6glich. Wir freuen uns auf Ihre Eingabe, die zur kontinuierlichen Weiterentwicklung und Verbesserung der Serviceangebote der&amp;nbsp;Universit\\u00e4tsverwaltung und zur Mitarbeiterzufriedenheit beitragen soll.&lt;\\\/p&gt;\\n\\n&quot;,&quot;className&quot;:&quot;alignwide &quot;}\"><\/jgu-base-collapsiblearea><\/div>\n\n\n\n<div class=\"wp-block-column is-layout-flow wp-block-column-is-layout-flow\" style=\"flex-basis:33.33%\"><jgu-base-contactcard react-props=\"{\n    &quot;name&quot;: &quot;Ansprechpartnerin&quot;,\n    &quot;align&quot;: &quot;wide&quot;,\n    &quot;actions&quot;: [],\n    &quot;color&quot;: &quot;default&quot;\n}\">\n    \n<jgu-base-listitem react-props=\"{\n    &quot;title&quot;: &quot;Elisabeth Springer&quot;,\n    &quot;uuid&quot;: &quot;1699375638611&quot;,\n    &quot;align&quot;: &quot;wide&quot;,\n    &quot;showInActions&quot;: false,\n    &quot;allowNesting&quot;: true,\n    &quot;icon&quot;: &quot;&quot;,\n    &quot;showExpandableContent&quot;: false,\n    &quot;expandableContent&quot;: &quot;&quot;,\n    &quot;link&quot;: {\n        &quot;url&quot;: &quot;&quot;\n    }\n}\">\n    \n<\/jgu-base-listitem>\n\n<jgu-base-listitem react-props=\"{\n    &quot;icon&quot;: &quot;map-marker-alt-solid&quot;,\n    &quot;title&quot;: &quot;Johannes Gutenberg-Universit\\u00e4t&lt;br&gt;Zentrum f\\u00fcr Qualit\\u00e4tssicherung und -entwicklung&lt;br&gt;55099 Mainz&quot;,\n    &quot;uuid&quot;: &quot;1702054459049&quot;,\n    &quot;align&quot;: &quot;wide&quot;,\n    &quot;showInActions&quot;: false,\n    &quot;allowNesting&quot;: true,\n    &quot;showExpandableContent&quot;: false,\n    &quot;expandableContent&quot;: &quot;&quot;,\n    &quot;link&quot;: {\n        &quot;url&quot;: &quot;&quot;\n    }\n}\">\n    \n<\/jgu-base-listitem>\n\n<jgu-base-listitem react-props=\"{\n    &quot;icon&quot;: &quot;envelope-solid&quot;,\n    &quot;title&quot;: &quot;&lt;a href=\\&quot;mailto:elisabeth.springer@zq.uni-mainz.de\\&quot; target=\\&quot;_blank\\&quot; rel=\\&quot;noreferrer noopener\\&quot;&gt;elisabeth.springer@zq.uni-mainz.de&lt;\\\/a&gt;&quot;,\n    &quot;uuid&quot;: &quot;1702054537254&quot;,\n    &quot;link&quot;: {\n        &quot;url&quot;: &quot;mailto:elisabeth.springer@zq.uni-mainz.de&quot;\n    },\n    &quot;align&quot;: &quot;wide&quot;,\n    &quot;showInActions&quot;: false,\n    &quot;allowNesting&quot;: true,\n    &quot;showExpandableContent&quot;: false,\n    &quot;expandableContent&quot;: &quot;&quot;\n}\">\n    \n<\/jgu-base-listitem>\n\n<jgu-base-listitem react-props=\"{\n    &quot;icon&quot;: &quot;phone-solid&quot;,\n    &quot;title&quot;: &quot;&lt;a href=\\&quot;tel:+4961313924029\\&quot; target=\\&quot;_blank\\&quot; rel=\\&quot;noreferrer noopener\\&quot;&gt;+49 6131 39-24029&lt;\\\/a&gt;&quot;,\n    &quot;uuid&quot;: &quot;1702054485022&quot;,\n    &quot;link&quot;: {\n        &quot;url&quot;: &quot;tel:+4961313924029&quot;\n    },\n    &quot;align&quot;: &quot;wide&quot;,\n    &quot;showInActions&quot;: false,\n    &quot;allowNesting&quot;: true,\n    &quot;showExpandableContent&quot;: false,\n    &quot;expandableContent&quot;: &quot;&quot;\n}\">\n    \n<\/jgu-base-listitem>\n\n<\/jgu-base-contactcard>\n\n<jgu-base-button style=\"display: flex; flex-wrap: wrap; column-gap: 30px; max-width: 100%; flex-direction: row; justify-content: left\">\n  \n<jgu-base-buttonitem react-props=\"{\n    &quot;text&quot;: &quot;Feedback&quot;,\n    &quot;link&quot;: {\n        &quot;url&quot;: &quot;https:\\\/\\\/www.verwaltung.feedback.uni-mainz.de\\\/ihrfeedback\\\/&quot;,\n        &quot;linkTarget&quot;: &quot;&quot;,\n        &quot;rel&quot;: &quot;&quot;,\n        &quot;opensInNewTab&quot;: true\n    },\n    &quot;align&quot;: &quot;left&quot;,\n    &quot;styling&quot;: &quot;primary&quot;,\n    &quot;icon&quot;: &quot;arrow-right-solid&quot;,\n    &quot;type&quot;: &quot;default&quot;,\n    &quot;iconBefore&quot;: false,\n    &quot;isSmall&quot;: false,\n    &quot;fullWidth&quot;: false,\n    &quot;className&quot;: &quot;&quot;\n}\"><\/jgu-base-buttonitem>\n\n<\/jgu-base-button><\/div>\n<\/div>\n\n\n<\/jgu-base-tabsitem>\n\n<\/jgu-base-tabs><\/div><\/div>\n<\/jgu-base-section>\n\n<jgu-base-section react-props=\"{&quot;color&quot;:&quot;light&quot;,&quot;align&quot;:&quot;wide&quot;,&quot;padding&quot;:&quot;medium&quot;}\">\n<div class=\"jgu-bgsection bg bg-light\"><div class=\"content padding-medium\"><div\n\tclass=\"jgu-anchorpoint\"\n\tid=\"themen-und-projekte\"\n\tdata-label=\"Themen und Projekte\"\n\tdata-hide-in-nav=\"false\"\n\ttabindex=\"0\"\n\tdata-initial-scroll=\"true\"\n><\/div>\n\n\n<jgu-base-heading react-props=\"{\n    &quot;index&quot;: &quot;Die zentrale Verwaltung gestaltet f\\u00fcr die Zukunft&quot;,\n    &quot;tags&quot;: {\n        &quot;htmlTag&quot;: &quot;h2&quot;,\n        &quot;classTag&quot;: &quot;&quot;,\n        &quot;tag&quot;: &quot;h2&quot;\n    },\n    &quot;heading&quot;: &quot;Themen und Projekte &quot;,\n    &quot;textAlign&quot;: &quot;left&quot;,\n    &quot;anchor&quot;: &quot;&quot;,\n    &quot;color&quot;: &quot;red&quot;\n}\"><\/jgu-base-heading>\n\n\n<jgu-base-slider react-props=\"{&quot;slidesCount&quot;:3,&quot;responsiveSettings&quot;:{&quot;mobile&quot;:{&quot;perPage&quot;:1,&quot;arrows&quot;:true,&quot;pagination&quot;:false,&quot;width&quot;:&quot;100%&quot;},&quot;tablet&quot;:{&quot;perPage&quot;:2,&quot;arrows&quot;:true,&quot;pagination&quot;:false,&quot;width&quot;:&quot;100%&quot;},&quot;desktop&quot;:{&quot;perPage&quot;:3,&quot;arrows&quot;:true,&quot;pagination&quot;:false,&quot;width&quot;:&quot;100%&quot;},&quot;desktop-xl&quot;:{&quot;perPage&quot;:3,&quot;arrows&quot;:true,&quot;pagination&quot;:false,&quot;width&quot;:&quot;100%&quot;}},&quot;perPage&quot;:3,&quot;type&quot;:&quot;&quot;,&quot;template&quot;:&quot;&quot;,&quot;useNumbers&quot;:false,&quot;scrollDistance&quot;:&quot;screen&quot;}\">\n    \n\n<jgu-base-teaserbox react-props=\"{\n    &quot;headline&quot;: {\n        &quot;htmlTag&quot;: &quot;h2&quot;,\n        &quot;classTag&quot;: &quot;&quot;,\n        &quot;tag&quot;: &quot;h2&quot;\n    },\n    &quot;image&quot;: {\n        &quot;id&quot;: 29,\n        &quot;url&quot;: null\n    },\n    &quot;color&quot;: &quot;gold&quot;,\n    &quot;title&quot;: &quot;Digitalisierung &quot;,\n    &quot;excerpt&quot;: &quot;Mit dem digitalen Wandel sind viele Chancen aber auch Herausforderungen verbunden. Die zentrale Verwaltung der JGU gestaltet den Weg der Digitalisierung durch zahlreiche Projekte aktiv mit. Beispiele sind das digitale H\\u00f6rsaalmanagement, die elektronische Bewerber- und Studierendenverwaltung, E-Beschaffung oder ein Bewerbungsmanagementsystem f\\u00fcr die Besetzung freier Stellen.&quot;,\n    &quot;linkTitle&quot;: &quot;mehr erfahren&quot;,\n    &quot;align&quot;: &quot;wide&quot;,\n    &quot;icon&quot;: &quot;&quot;,\n    &quot;iconColor&quot;: &quot;default&quot;,\n    &quot;isCalendar&quot;: false,\n    &quot;iconBoxed&quot;: false,\n    &quot;useLinkList&quot;: false,\n    &quot;linkList&quot;: {},\n    &quot;hideThumbnail&quot;: false,\n    &quot;type&quot;: &quot;boxed&quot;,\n    &quot;index&quot;: &quot;&quot;,\n    &quot;linkStyle&quot;: &quot;default&quot;,\n    &quot;overboxImage&quot;: false,\n    &quot;differingHeadlineColor&quot;: false,\n    &quot;headlineColor&quot;: &quot;&quot;,\n    &quot;textPositionBottom&quot;: false,\n    &quot;template&quot;: &quot;&quot;,\n    &quot;video&quot;: {\n        &quot;provider&quot;: &quot;youtube&quot;,\n        &quot;id&quot;: &quot;&quot;,\n        &quot;poster&quot;: &quot;&quot;\n    },\n    &quot;audioUrl&quot;: &quot;&quot;,\n    &quot;unbound&quot;: false\n}\">\n    \n<\/jgu-base-teaserbox>\n\n\n\n<jgu-base-teaserbox react-props=\"{\n    &quot;headline&quot;: {\n        &quot;htmlTag&quot;: &quot;h2&quot;,\n        &quot;classTag&quot;: &quot;&quot;,\n        &quot;tag&quot;: &quot;h2&quot;\n    },\n    &quot;image&quot;: {\n        &quot;id&quot;: 32,\n        &quot;url&quot;: null\n    },\n    &quot;color&quot;: &quot;blue&quot;,\n    &quot;index&quot;: &quot;Projekt&quot;,\n    &quot;title&quot;: &quot;Zukunftsf\\u00e4hige Gestaltung des Gutenberg-Campus&quot;,\n    &quot;linkTitle&quot;: &quot;mehr erfahren&quot;,\n    &quot;link&quot;: {\n        &quot;url&quot;: &quot;https:\\\/\\\/gutenberg-netzwerk.uni-mainz.de\\\/aktuelles\\\/campus-2040-staedtbauliche-entwicklung-des-gutenberg-campus\\\/&quot;,\n        &quot;opensInNewTab&quot;: true\n    },\n    &quot;align&quot;: &quot;wide&quot;,\n    &quot;icon&quot;: &quot;&quot;,\n    &quot;iconColor&quot;: &quot;default&quot;,\n    &quot;isCalendar&quot;: false,\n    &quot;iconBoxed&quot;: false,\n    &quot;useLinkList&quot;: false,\n    &quot;linkList&quot;: {},\n    &quot;hideThumbnail&quot;: false,\n    &quot;type&quot;: &quot;boxed&quot;,\n    &quot;excerpt&quot;: &quot;&quot;,\n    &quot;linkStyle&quot;: &quot;default&quot;,\n    &quot;overboxImage&quot;: false,\n    &quot;differingHeadlineColor&quot;: false,\n    &quot;headlineColor&quot;: &quot;&quot;,\n    &quot;textPositionBottom&quot;: false,\n    &quot;template&quot;: &quot;&quot;,\n    &quot;video&quot;: {\n        &quot;provider&quot;: &quot;youtube&quot;,\n        &quot;id&quot;: &quot;&quot;,\n        &quot;poster&quot;: &quot;&quot;\n    },\n    &quot;audioUrl&quot;: &quot;&quot;,\n    &quot;unbound&quot;: false\n}\">\n    \n<\/jgu-base-teaserbox>\n\n\n\n<jgu-base-teaserbox react-props=\"{\n    &quot;headline&quot;: {\n        &quot;htmlTag&quot;: &quot;h2&quot;,\n        &quot;classTag&quot;: &quot;&quot;,\n        &quot;tag&quot;: &quot;h2&quot;\n    },\n    &quot;image&quot;: {\n        &quot;id&quot;: 44,\n        &quot;url&quot;: null\n    },\n    &quot;color&quot;: &quot;orange&quot;,\n    &quot;title&quot;: &quot;Leitlinien guter Arbeit &quot;,\n    &quot;linkTitle&quot;: &quot;mehr erfahren&quot;,\n    &quot;link&quot;: {\n        &quot;url&quot;: &quot;https:\\\/\\\/organisation.uni-mainz.de\\\/files\\\/2021\\\/11\\\/Leitlinien-guter-Arbeit-an-der-JGU.pdf&quot;\n    },\n    &quot;align&quot;: &quot;wide&quot;,\n    &quot;icon&quot;: &quot;&quot;,\n    &quot;iconColor&quot;: &quot;default&quot;,\n    &quot;isCalendar&quot;: false,\n    &quot;iconBoxed&quot;: false,\n    &quot;useLinkList&quot;: false,\n    &quot;linkList&quot;: {},\n    &quot;hideThumbnail&quot;: false,\n    &quot;type&quot;: &quot;boxed&quot;,\n    &quot;index&quot;: &quot;&quot;,\n    &quot;excerpt&quot;: &quot;&quot;,\n    &quot;linkStyle&quot;: &quot;default&quot;,\n    &quot;overboxImage&quot;: false,\n    &quot;differingHeadlineColor&quot;: false,\n    &quot;headlineColor&quot;: &quot;&quot;,\n    &quot;textPositionBottom&quot;: false,\n    &quot;template&quot;: &quot;&quot;,\n    &quot;video&quot;: {\n        &quot;provider&quot;: &quot;youtube&quot;,\n        &quot;id&quot;: &quot;&quot;,\n        &quot;poster&quot;: &quot;&quot;\n    },\n    &quot;audioUrl&quot;: &quot;&quot;,\n    &quot;unbound&quot;: false\n}\">\n    \n<\/jgu-base-teaserbox>\n\n\n<\/jgu-base-slider>\n\n\n<jgu-base-button style=\"display: flex; flex-wrap: wrap; column-gap: 30px; max-width: 100%; flex-direction: row; justify-content: left\">\n  \n<jgu-base-buttonitem react-props=\"{\n    &quot;text&quot;: &quot;Leitbild der zentralen Verwaltung&quot;,\n    &quot;link&quot;: {\n        &quot;url&quot;: &quot;https:\\\/\\\/organisation.uni-mainz.de\\\/files\\\/2020\\\/09\\\/JGU_leitbild_zentrale_verwaltung.pdf&quot;,\n        &quot;linkTarget&quot;: &quot;&quot;,\n        &quot;rel&quot;: &quot;&quot;,\n        &quot;opensInNewTab&quot;: true\n    },\n    &quot;align&quot;: &quot;left&quot;,\n    &quot;styling&quot;: &quot;primary&quot;,\n    &quot;icon&quot;: &quot;arrow-right-solid&quot;,\n    &quot;type&quot;: &quot;default&quot;,\n    &quot;iconBefore&quot;: false,\n    &quot;isSmall&quot;: false,\n    &quot;fullWidth&quot;: false,\n    &quot;className&quot;: &quot;&quot;\n}\"><\/jgu-base-buttonitem>\n\n<\/jgu-base-button><\/div><\/div>\n<\/jgu-base-section>\n\n<jgu-base-section react-props=\"{&quot;color&quot;:&quot;white&quot;,&quot;align&quot;:&quot;wide&quot;,&quot;padding&quot;:&quot;medium&quot;}\">\n<div class=\"jgu-bgsection bg bg-white\"><div class=\"content padding-medium\"><div\n\tclass=\"jgu-anchorpoint\"\n\tid=\"kontakt\"\n\tdata-label=\"Kontakt\"\n\tdata-hide-in-nav=\"false\"\n\ttabindex=\"0\"\n\tdata-initial-scroll=\"true\"\n><\/div>\n\n\n<jgu-base-heading react-props=\"{\n    &quot;tags&quot;: {\n        &quot;htmlTag&quot;: &quot;h2&quot;,\n        &quot;classTag&quot;: &quot;&quot;,\n        &quot;tag&quot;: &quot;h2&quot;\n    },\n    &quot;heading&quot;: &quot;Kontakt&quot;,\n    &quot;textAlign&quot;: &quot;left&quot;,\n    &quot;anchor&quot;: &quot;&quot;,\n    &quot;index&quot;: &quot;&quot;,\n    &quot;color&quot;: &quot;red&quot;\n}\"><\/jgu-base-heading>\n\n\n<jgu-base-slider react-props=\"{&quot;slidesCount&quot;:3,&quot;responsiveSettings&quot;:{&quot;mobile&quot;:{&quot;perPage&quot;:1,&quot;arrows&quot;:true,&quot;pagination&quot;:false,&quot;width&quot;:&quot;100%&quot;},&quot;tablet&quot;:{&quot;perPage&quot;:2,&quot;arrows&quot;:true,&quot;pagination&quot;:false,&quot;width&quot;:&quot;100%&quot;},&quot;desktop&quot;:{&quot;perPage&quot;:3,&quot;arrows&quot;:true,&quot;pagination&quot;:false,&quot;width&quot;:&quot;100%&quot;},&quot;desktop-xl&quot;:{&quot;perPage&quot;:3,&quot;arrows&quot;:true,&quot;pagination&quot;:false,&quot;width&quot;:&quot;100%&quot;}},&quot;perPage&quot;:3,&quot;type&quot;:&quot;&quot;,&quot;template&quot;:&quot;&quot;,&quot;useNumbers&quot;:false,&quot;scrollDistance&quot;:&quot;screen&quot;}\">\n    \n\n<jgu-base-idm-person react-props=\"{\n    &quot;id&quot;: &quot;1236&quot;,\n    &quot;link&quot;: &quot;false&quot;,\n    &quot;skipDetails&quot;: [\n        &quot;phone&quot;\n    ],\n    &quot;organizationId&quot;: 3,\n    &quot;roleId&quot;: 74,\n    &quot;name&quot;: &quot;&quot;,\n    &quot;align&quot;: &quot;left&quot;,\n    &quot;color&quot;: &quot;default&quot;,\n    &quot;mode&quot;: &quot;edit&quot;,\n    &quot;linkType&quot;: &quot;false&quot;\n}\">\n        \n<\/jgu-base-idm-person>\n\n\n\n\n<jgu-base-idm-person react-props=\"{\n    &quot;id&quot;: &quot;1277&quot;,\n    &quot;link&quot;: &quot;false&quot;,\n    &quot;skipDetails&quot;: [\n        &quot;address&quot;\n    ],\n    &quot;organizationId&quot;: 18,\n    &quot;roleId&quot;: 111,\n    &quot;name&quot;: &quot;&quot;,\n    &quot;align&quot;: &quot;left&quot;,\n    &quot;color&quot;: &quot;default&quot;,\n    &quot;mode&quot;: &quot;edit&quot;,\n    &quot;linkType&quot;: &quot;false&quot;\n}\">\n        \n<\/jgu-base-idm-person>\n\n\n\n\n<jgu-base-idm-person react-props=\"{\n    &quot;id&quot;: &quot;2212&quot;,\n    &quot;link&quot;: &quot;false&quot;,\n    &quot;skipDetails&quot;: [\n        &quot;phone&quot;\n    ],\n    &quot;organizationId&quot;: 20,\n    &quot;roleId&quot;: 31,\n    &quot;name&quot;: &quot;&quot;,\n    &quot;align&quot;: &quot;left&quot;,\n    &quot;color&quot;: &quot;default&quot;,\n    &quot;mode&quot;: &quot;edit&quot;,\n    &quot;linkType&quot;: &quot;false&quot;\n}\">\n        \n<\/jgu-base-idm-person>\n\n\n\n<\/jgu-base-slider>\n<\/div><\/div>\n<\/jgu-base-section>    <div style=\"display: none\">\n        \n    <\/div>","protected":false},"excerpt":{"rendered":"","protected":false},"author":16,"featured_media":0,"parent":0,"menu_order":0,"comment_status":"closed","ping_status":"closed","template":"","meta":{"footnotes":""},"categories":[],"tags":[],"class_list":["post-9098","page","type-page","status-publish","hentry"],"content_raw":"<!-- wp:jgu\/pageheader {\"items\":[{\"box\":{\"index\":\"Tragen Sie hier die Suchworte ein, f\u00fcr die diese Seite ein Treffer sein soll\",\"title\":\"Zentrale Verwaltung der JGU\",\"link\":{\"title\":\"learn more\"}},\"color\":\"red\",\"image\":{\"url\":null,\"id\":234,\"description\":\"Forum mit Gutenberg-B\u00fcste im Schnee\",\"darkBackground\":false,\"hideCredit\":false,\"credit\":\"Foto: Alexander Sell\"},\"imgCredit\":\"\",\"useVideo\":false,\"video\":false}],\"type\":\"default\",\"quicklinks\":{\"show\":true,\"interaction\":\"direct\",\"selects\":[{\"label\":\"Informationen f\u00fcr Besch\u00e4ftigte\",\"options\":[{\"title\":\"Interner Bereich\",\"link\":{\"url\":\"https:\/\/organisation.uni-mainz.de\/zentrale-verwaltung\/\"},\"items\":[]},{\"title\":\"Digitale Dienste\",\"link\":{\"url\":\"https:\/\/digitale-dienste.uni-mainz.de\",\"linkTarget\":\"_blank\",\"rel\":\"noreferrer noopener\"},\"items\":[]}]},{\"label\":\"Informationen f\u00fcr Studierende\",\"options\":[{\"title\":\"Portal Studium\",\"link\":{\"url\":\"https:\/\/cms.zdv.uni-mainz.de\/studium\/\"},\"items\":[]}]}]}} \/-->\n\n<!-- wp:spacer -->\n<div style=\"height:90px\" aria-hidden=\"true\" class=\"wp-block-spacer\"><\/div>\n<!-- \/wp:spacer -->\n\n<!-- wp:jgu\/anchornavigation \/-->\n\n<!-- wp:block {\"ref\":9259} \/-->\n\n<!-- wp:jgu\/section {\"color\": \"light\"} -->\n<div class=\"jgu-bgsection bg bg-light\"><div class=\"content padding-medium\"><!-- wp:jgu\/testimonials {\"zitat\":\"F\u00fcr uns, die Mitarbeiterinnen und Mitarbeiter der zentralen Verwaltung der Johannes Gutenberg-Universit\u00e4t Mainz, stehen die pers\u00f6nlichen und sachlichen Belange der Menschen, die in Forschung und Lehre, Studium und Weiterbildung sowie in der Administration der Hochschule t\u00e4tig sind, im Mittelpunkt unseres Handelns. Als Teil einer Universit\u00e4t f\u00fchlen wir uns in besonders hohem Ma\u00dfe zu gegenseitigem Respekt, Unvoreingenommenheit und Toleranz verpflichtet.\\u003cbr\\u003eWir verstehen uns als dienstleistende Einrichtung, die im Rahmen der Erf\u00fcllung ihrer Verwaltungsaufgaben aktiv am Gestaltungsprozess der JGU mitwirkt und diesen innovativ und kreativ f\u00f6rdert. \\u003cstrong\\u003eWir machen Ihr Anliegen zu unserem!\\u003c\/strong\\u003e\",\"subline\":\"Aus dem Leitbild der zentralen Verwaltung\\u003cbr\\u003eder Johannes Gutenberg-Universit\u00e4t Mainz\",\"background\":\"\"} \/--><\/div><\/div>\n<!-- \/wp:jgu\/section -->\n\n<!-- wp:jgu\/section {\"color\": \"white\"} -->\n<div class=\"jgu-bgsection bg bg-white\"><div class=\"content padding-medium\"><!-- wp:jgu\/anchorpoint {\"title\":\"Dezernate und Abteilungen\",\"slug\":\"dezernate-und-abteilungen\"} \/-->\n\n<!-- wp:jgu\/heading {\"index\":\"Aufbau der zentralen Verwaltung\",\"tags\":{\"htmlTag\":\"h2\",\"classTag\":\"\",\"tag\":\"h2\"},\"heading\":\"Dezernate und Abteilungen\"} \/-->\n\n<!-- wp:columns {\"className\":\"\"} -->\n<div class=\"wp-block-columns\"><!-- wp:column -->\n<div class=\"wp-block-column\"><!-- wp:jgu\/teaserbox {\"headline\":{\"htmlTag\":\"h2\",\"classTag\":\"\",\"tag\":\"h2\"},\"image\":{\"id\":797,\"url\":null,\"hideImageDescription\":false,\"hideCredit\":false,\"darkBackground\":false},\"showLearnMore\":false,\"color\":\"blue\",\"index\":\"Dezernat\",\"title\":\"Bau und Liegenschaftsmanagement\",\"linkTitle\":\"mehr erfahren\",\"link\":{\"url\":\"https:\/\/www.verwaltung.uni-mainz.de\/blm\/\"},\"template\":\"default\"} \/--><\/div>\n<!-- \/wp:column -->\n\n<!-- wp:column -->\n<div class=\"wp-block-column\"><!-- wp:jgu\/teaserbox {\"headline\":{\"htmlTag\":\"h2\",\"classTag\":\"\",\"tag\":\"h2\"},\"image\":{\"id\":2207,\"url\":null},\"showLearnMore\":false,\"color\":\"blue\",\"index\":\"Dezernat\",\"title\":\"Finanzen und Beschaffung\",\"linkTitle\":\"mehr erfahren\",\"link\":{\"url\":\"https:\/\/www.verwaltung.uni-mainz.de\/fin\/\"},\"template\":\"default\"} \/--><\/div>\n<!-- \/wp:column -->\n\n<!-- wp:column -->\n<div class=\"wp-block-column\"><!-- wp:jgu\/teaserbox {\"headline\":{\"htmlTag\":\"h2\",\"classTag\":\"\",\"tag\":\"h2\"},\"image\":{\"id\":2934,\"url\":null},\"showLearnMore\":false,\"color\":\"blue\",\"index\":\"Dezernat\",\"title\":\"Hochschulentwicklung\",\"linkTitle\":\"mehr erfahren\",\"link\":{\"url\":\"https:\/\/www.verwaltung.uni-mainz.de\/he\/\"},\"template\":\"default\"} \/--><\/div>\n<!-- \/wp:column -->\n\n<!-- wp:column -->\n<div class=\"wp-block-column\"><!-- wp:jgu\/teaserbox {\"headline\":{\"htmlTag\":\"h2\",\"classTag\":\"\",\"tag\":\"h2\"},\"image\":{\"id\":899,\"url\":null},\"showLearnMore\":false,\"color\":\"blue\",\"index\":\"Dezernat\",\"title\":\"Personal und Rechtsangelegenheiten\",\"linkTitle\":\"mehr erfahren\",\"link\":{\"url\":\"https:\/\/www.verwaltung.uni-mainz.de\/per\/\"},\"template\":\"default\"} \/--><\/div>\n<!-- \/wp:column --><\/div>\n<!-- \/wp:columns -->\n\n<!-- wp:columns {\"className\":\"\"} -->\n<div class=\"wp-block-columns\"><!-- wp:column -->\n<div class=\"wp-block-column\"><!-- wp:jgu\/teaserbox {\"headline\":{\"htmlTag\":\"h2\",\"classTag\":\"\",\"tag\":\"h2\"},\"image\":{\"id\":644,\"url\":null},\"showLearnMore\":false,\"color\":\"blue\",\"index\":\"Abteilung\",\"title\":\"Forschung und Technologietransfer\",\"linkTitle\":\"mehr erfahren\",\"link\":{\"url\":\"https:\/\/www.verwaltung.uni-mainz.de\/ft\/\"},\"template\":\"default\"} \/--><\/div>\n<!-- \/wp:column -->\n\n<!-- wp:column -->\n<div class=\"wp-block-column\"><!-- wp:jgu\/teaserbox {\"headline\":{\"htmlTag\":\"h2\",\"classTag\":\"\",\"tag\":\"h2\"},\"image\":{\"id\":2120,\"url\":null},\"showLearnMore\":false,\"color\":\"blue\",\"index\":\"Abteilung\",\"title\":\"Internationales\",\"linkTitle\":\"mehr erfahren\",\"link\":{\"url\":\"https:\/\/www.verwaltung.uni-mainz.de\/int\/\"},\"template\":\"default\"} \/--><\/div>\n<!-- \/wp:column -->\n\n<!-- wp:column -->\n<div class=\"wp-block-column\"><!-- wp:jgu\/teaserbox {\"headline\":{\"htmlTag\":\"h2\",\"classTag\":\"\",\"tag\":\"h2\"},\"showLearnMore\":false,\"color\":\"blue\",\"title\":\"Amt f\u00fcr Ausbildungsf\u00f6rderung\",\"excerpt\":\"Das Amt f\u00fcr Ausbildungsf\u00f6rderung ist f\u00fcr die BAf\u00f6G-Bearbeitung der Studierenden der JGU in Mainz und Germersheim, der Katholischen Hochschule Mainz, der Hochschule Mainz, der Deutschen Universit\u00e4t f\u00fcr Verwaltungswissenschaften Speyer und der Hochschule f\u00fcr Gesellschaftsgestaltung Koblenz zust\u00e4ndig,\",\"linkTitle\":\"mehr erfahren\",\"link\":{\"url\":\"https:\/\/www.bafoeg.uni-mainz.de\/\",\"opensInNewTab\":false},\"template\":\"default\"} \/--><\/div>\n<!-- \/wp:column -->\n\n<!-- wp:column -->\n<div class=\"wp-block-column\"><!-- wp:jgu\/teaserbox {\"headline\":{\"htmlTag\":\"h2\",\"classTag\":\"\",\"tag\":\"h2\"},\"showLearnMore\":false,\"color\":\"blue\",\"title\":\"Landeshochschulkasse\",\"excerpt\":\"Die Landeshochschulkasse Mainz nimmt die Kassenaufgaben f\u00fcr den gesamten Hochschulbereich des Landes Rheinland-Pfalz wahr.\",\"linkTitle\":\"mehr erfahren\",\"link\":{\"url\":\"https:\/\/www.verwaltung.lhsk.uni-mainz.de\/\"},\"template\":\"default\"} \/--><\/div>\n<!-- \/wp:column --><\/div>\n<!-- \/wp:columns -->\n\n<!-- wp:jgu\/button {\"layout\":{\"type\":\"flex\",\"flexWrap\":\"wrap\",\"justifyContent\":\"right\",\"orientation\":\"vertical\"}} -->\n<!-- wp:jgu\/button-item {\"text\":\"Personen- und Einrichtungsverzeichnis\",\"styling\":\"line\",\"link\":{\"url\":\"https:\/\/personen.uni-mainz.de\/\",\"linkTarget\":\"\",\"rel\":\"\",\"opensInNewTab\":true}} \/-->\n<!-- \/wp:jgu\/button --><\/div><\/div>\n<!-- \/wp:jgu\/section -->\n\n<!-- wp:jgu\/section {\"color\": \"white\"} -->\n<div class=\"jgu-bgsection bg bg-white\"><div class=\"content padding-medium\"><!-- wp:columns {\"className\":\"\"} -->\n<div class=\"wp-block-columns\"><!-- wp:column -->\n<div class=\"wp-block-column\"><!-- wp:jgu\/numberbox {\"title\":\"Besch\u00e4ftigte\",\"subline\":\"an vier Standorten  \",\"headline\":{\"htmlTag\":\"h2\",\"classTag\":\"\",\"tag\":\"h2\"},\"number\":\"655\",\"counting\":true} \/--><\/div>\n<!-- \/wp:column -->\n\n<!-- wp:column -->\n<div class=\"wp-block-column\"><!-- wp:jgu\/numberbox {\"title\":\"Ausbildungspl\u00e4tze\",\"subline\":\"in spannenden Berufsfeldern\",\"headline\":{\"htmlTag\":\"h2\",\"classTag\":\"\",\"tag\":\"h2\"},\"number\":\"20\"} \/--><\/div>\n<!-- \/wp:column -->\n\n<!-- wp:column -->\n<div class=\"wp-block-column\"><!-- wp:jgu\/numberbox {\"title\":\"verwaltete Mittel\",\"subline\":\"Landesmittel und Drittmittel\",\"headline\":{\"htmlTag\":\"h2\",\"classTag\":\"\",\"tag\":\"h2\"},\"number\":\"450\",\"formatString\":\"{number} Mio. \\u20ac\"} \/--><\/div>\n<!-- \/wp:column --><\/div>\n<!-- \/wp:columns --><\/div><\/div>\n<!-- \/wp:jgu\/section -->\n\n<!-- wp:jgu\/section {\"color\": \"white\"} -->\n<div class=\"jgu-bgsection bg bg-white\"><div class=\"content padding-medium\"><!-- wp:jgu\/anchorpoint {\"title\":\"Sonstige Ansprechpartner\",\"slug\":\"sonstige-ansprechpartner\"} \/-->\n\n<!-- wp:jgu\/heading {\"index\":\"Kontakte und Informationen\",\"tags\":{\"htmlTag\":\"h2\",\"classTag\":\"\",\"tag\":\"h2\"},\"heading\":\"Sonstige Ansprechpartner\"} \/-->\n\n<!-- wp:jgu\/tabs {\"align\":\"\",\"layout\":{\"type\":\"flex\",\"flexWrap\":\"nowrap\",\"justifyContent\":\"left\",\"orientation\":\"vertical\"}} -->\n<!-- wp:jgu\/tabs-item {\"title\":\"Beauftragter f\u00fcr den Datenschutz\",\"slug\":\"beauftragter-fur-den-datenschutz\"} -->\n<!-- wp:columns {\"className\":\"\"} -->\n<div class=\"wp-block-columns\"><!-- wp:column {\"width\":\"66.66%\"} -->\n<div class=\"wp-block-column\" style=\"flex-basis:66.66%\"><!-- wp:jgu\/collapsible-area {\"visibleLines\":12} -->\n<!-- wp:paragraph {\"className\":\"has-big-font-size\"} -->\n<p class=\"has-big-font-size\">Der Datenschutzbeauftragte unterrichtet und ber\u00e4t unmittelbar das Pr\u00e4sidium in allen datenschutzrechtlichen Angelegenheiten. Der Datenschutzbeauftragte wird ordnungsgem\u00e4\u00df und fr\u00fchzeitig in alle mit dem Schutz personenbezogener Daten zusammenh\u00e4ngenden Fragen eingebunden.<\/p>\n<!-- \/wp:paragraph -->\n\n<!-- wp:paragraph {\"className\":\"has-big-font-size\"} -->\n<p class=\"has-big-font-size\">Betroffene Personen k\u00f6nnen den Datenschutzbeauftragten zu allen mit der Verarbeitung ihrer personenbezogenen Daten und mit der Wahrnehmung ihrer Rechte gem\u00e4\u00df der Datenschutz-Grundverordnung (DS-GVO) im Zusammenhang stehenden Fragen zu Rate ziehen.<\/p>\n<!-- \/wp:paragraph -->\n\n<!-- wp:paragraph {\"className\":\"has-big-font-size\"} -->\n<p class=\"has-big-font-size\">Dem Datenschutzbeauftragten obliegt die \u00dcberwachung der Einhaltung der DS-GVO und anderer Datenschutzvorschriften sowie der Strategien des Verantwortlichen f\u00fcr den Schutz personenbezogener Daten einschlie\u00dflich der Zuweisung von Zust\u00e4ndigkeiten, der Sensibilisierung und Schulung der an den Verarbeitungsvorg\u00e4ngen beteiligten Mitarbeiterinnen und Mitarbeiter und der diesbez\u00fcglichen \u00dcberpr\u00fcfungen.<\/p>\n<!-- \/wp:paragraph -->\n\n<!-- wp:paragraph {\"className\":\"has-big-font-size\"} -->\n<p class=\"has-big-font-size\">Dar\u00fcber hinaus ber\u00e4t er im Zusammenhang mit der Datenschutz-Folgenabsch\u00e4tzung und \u00fcberwacht ihre Durchf\u00fchrung gem\u00e4\u00df Artikel 35 DS-GVO.<\/p>\n<!-- \/wp:paragraph -->\n\n<!-- wp:paragraph {\"className\":\"has-big-font-size\"} -->\n<p class=\"has-big-font-size\">Der Datenschutzbeauftragte arbeitet mit der Aufsichtsbeh\u00f6rde, dem Landesbeauftragten f\u00fcr den Datenschutz und die Informationsfreiheit Rheinland-Pfalz (LfDI), zusammen und ist Anlaufstelle f\u00fcr die Aufsichtsbeh\u00f6rde in mit der Verarbeitung personenbezogener Daten zusammenh\u00e4ngenden Fragen.<\/p>\n<!-- \/wp:paragraph -->\n<!-- \/wp:jgu\/collapsible-area --><\/div>\n<!-- \/wp:column -->\n\n<!-- wp:column {\"verticalAlignment\":\"top\",\"width\":\"33.33%\"} -->\n<div class=\"wp-block-column is-vertically-aligned-top\" style=\"flex-basis:33.33%\"><!-- wp:jgu\/contact-card {\"name\":\"Datenschutzbeauftragter\"} -->\n<!-- wp:jgu\/list-item {\"title\":\"Nils Hammerle\",\"uuid\":\"1702050773117\"} \/-->\n\n<!-- wp:jgu\/list-item {\"icon\":\"map-marker-alt-solid\",\"title\":\"Johannes Gutenberg-Universit\u00e4t Mainz\\u003cbr\\u003e55099 Mainz\",\"uuid\":\"1702050801729\"} \/-->\n\n<!-- wp:jgu\/list-item {\"icon\":\"envelope-solid\",\"title\":\"\\u003ca href=\\u0022mailto:datenschutz@uni-mainz.de\\u0022 target=\\u0022_blank\\u0022 rel=\\u0022noreferrer noopener\\u0022\\u003edatenschutz@uni-mainz.de\\u003c\/a\\u003e\",\"uuid\":\"1699214817526\",\"link\":{\"url\":\"mailto:datenschutz@uni-mainz.de\"}} \/-->\n\n<!-- wp:jgu\/list-item {\"icon\":\"phone-solid\",\"title\":\"\\u003ca href=\\u0022tel:+4961313920065\\u0022 target=\\u0022_blank\\u0022 rel=\\u0022noreferrer noopener\\u0022\\u003e+49 6131 39-20065\\u003c\/a\\u003e\",\"uuid\":\"1702050887439\",\"link\":{\"url\":\"tel:+4961313920065\"}} \/-->\n<!-- \/wp:jgu\/contact-card --><\/div>\n<!-- \/wp:column --><\/div>\n<!-- \/wp:columns -->\n<!-- \/wp:jgu\/tabs-item -->\n\n<!-- wp:jgu\/tabs-item {\"title\":\"Beauftrage f\u00fcr Korruptionspr\u00e4vention\",\"slug\":\"beauftrage-fur-korruptionspravention\"} -->\n<!-- wp:columns {\"className\":\"\"} -->\n<div class=\"wp-block-columns\"><!-- wp:column {\"width\":\"50%\"} -->\n<div class=\"wp-block-column\" style=\"flex-basis:50%\"><!-- wp:jgu\/collapsible-area {\"visibleLines\":7} -->\n<!-- wp:paragraph {\"className\":\"has-big-font-size\"} -->\n<p class=\"has-big-font-size\">Die Beauftragte f\u00fcr Korruptionspr\u00e4vention ist eine von der Hochschulleitung bestellte Vertrauensperson, die sowohl f\u00fcr die Bediensteten der Universit\u00e4t als auch f\u00fcr Gesch\u00e4ftspartner und Dritte als neutrale Ansprechpartnerin fungiert. Sie geht Hinweisen nach und veranlasst im Einvernehmen mit der Hochschulleitung ggf. weitere Schritte.<\/p>\n<!-- \/wp:paragraph -->\n\n<!-- wp:paragraph {\"className\":\"has-big-font-size\"} -->\n<p class=\"has-big-font-size\">Haben Sie im Zusammenhang mit Ihrer beruflichen T\u00e4tigkeit oder im Vorfeld einer beruflichen T\u00e4tigkeit Informationen \u00fcber Verst\u00f6\u00dfe durch Angeh\u00f6rige der JGU erlangt und erw\u00e4gen Sie, diese zu melden, damit hier geeignete Ma\u00dfnahmen ergriffen werden k\u00f6nnen, wenden Sie sich bitte an die interne Meldestelle, die sie auf der n\u00e4chsten Registerkarte finden.<\/p>\n<!-- \/wp:paragraph -->\n\n<!-- wp:paragraph {\"className\":\"has-big-font-size\"} -->\n<p class=\"has-big-font-size\">Universit\u00e4tsangeh\u00f6rige finden zur Korruptionsbek\u00e4mpfung weitere Informationen  im <a href=\"https:\/\/ir-oe.verwaltung.uni-mainz.de\/innenrevision-und-organisationsentwicklung-ir-oe\/downloadcenter\/\">Service und Downloadbereich<\/a>.<br>F\u00fcr geschlossene Bereiche wie Fachbereiche, Institute, Lehrst\u00fchle, Abteilungen werden auch Informationsveranstaltungen angeboten.<\/p>\n<!-- \/wp:paragraph -->\n<!-- \/wp:jgu\/collapsible-area --><\/div>\n<!-- \/wp:column -->\n\n<!-- wp:column {\"width\":\"50%\"} -->\n<div class=\"wp-block-column\" style=\"flex-basis:50%\"><!-- wp:jgu\/contact-card {\"name\":\"Beauftragte f\u00fcr Korruptionspr\u00e4vention\"} -->\n<!-- wp:jgu\/list-item {\"title\":\"Doris Zapp\",\"uuid\":\"1699374711593\"} \/-->\n\n<!-- wp:jgu\/list-item {\"icon\":\"map-marker-alt-solid\",\"title\":\"Johannes Gutenberg-Universit\u00e4t Mainz\\u003cbr\\u003e55099 Mainz\",\"uuid\":\"1702052223262\"} \/-->\n\n<!-- wp:jgu\/list-item {\"icon\":\"envelope-solid\",\"title\":\"\\u003ca href=\\u0022mailto:zapp@uni-mainz.de\\u0022 target=\\u0022_blank\\u0022 rel=\\u0022noreferrer noopener\\u0022\\u003ezapp@uni-mainz.de\\u003c\/a\\u003e\",\"uuid\":\"1702052256570\",\"link\":{\"url\":\"mailto:zapp@uni-mainz.de\"}} \/-->\n\n<!-- wp:jgu\/list-item {\"icon\":\"phone-solid\",\"title\":\"\\u003ca href=\\u0022tel:+4961313920645\\u0022 target=\\u0022_blank\\u0022 rel=\\u0022noreferrer noopener\\u0022\\u003e+49 6131 39-20645\\u003c\/a\\u003e\",\"uuid\":\"1702052236814\",\"link\":{\"url\":\"tel:+4961313920645\"}} \/-->\n<!-- \/wp:jgu\/contact-card -->\n\n<!-- wp:jgu\/contact-card {\"name\":\"Vertrauensanwalt\"} -->\n<!-- wp:jgu\/list-item {\"title\":\"Justizrat Rolf S. Weis\",\"uuid\":\"1702327119450\"} \/-->\n\n<!-- wp:jgu\/list-item {\"icon\":\"map-marker-alt-solid\",\"title\":\"St.-Guido-Stifts-Platz 4\\u003cbr\\u003e67346 Speyer\",\"uuid\":\"1702327144176\"} \/-->\n\n<!-- wp:jgu\/list-item {\"icon\":\"envelope-solid\",\"title\":\"\\u003ca href=\\u0022mailto:service@vertrauensanwalt-rheinland-pfalz.de\\u0022 target=\\u0022_blank\\u0022 rel=\\u0022noreferrer noopener\\u0022\\u003eservice@vertrauensanwalt-rheinland-pfalz.de\\u003c\/a\\u003e\",\"uuid\":\"1702327268151\",\"link\":{\"url\":\"mailto:service@vertrauensanwalt-rheinland-pfalz.de\"}} \/-->\n\n<!-- wp:jgu\/list-item {\"icon\":\"phone-solid\",\"title\":\"\\u003ca href=\\u0022tel:+49626313240\\u0022 target=\\u0022_blank\\u0022 rel=\\u0022noreferrer noopener\\u0022\\u003e+49 6263 1324-0\\u003c\/a\\u003e\",\"uuid\":\"1702327180251\",\"link\":{\"url\":\"tel:+49626313240\"}} \/-->\n<!-- \/wp:jgu\/contact-card --><\/div>\n<!-- \/wp:column --><\/div>\n<!-- \/wp:columns -->\n<!-- \/wp:jgu\/tabs-item -->\n\n<!-- wp:jgu\/tabs-item {\"title\":\"Interne Meldestelle nach Hinweisgeberschutzgesetz\",\"slug\":\"interne-meldestelle-nach-hinweisgeberschutzgesetz\"} -->\n<!-- wp:columns {\"className\":\"\"} -->\n<div class=\"wp-block-columns\"><!-- wp:column {\"width\":\"66.66%\"} -->\n<div class=\"wp-block-column\" style=\"flex-basis:66.66%\"><!-- wp:jgu\/collapsible-area {\"visibleLines\":12} -->\n<!-- wp:paragraph {\"className\":\"has-big-font-size\"} -->\n<p class=\"has-big-font-size\">Mit dem Hinweisgeberschutzgesetz sollen Hinweisgebende, die auf Rechts- und Regel\u00adverst\u00f6\u00dfe in Unternehmen und Beh\u00f6rden aufmerksam machen, vor beruflichen Benachteiligungen aufgrund ihrer Hinweise gesch\u00fctzt werden. Haben Sie im Zusammenhang mit Ihrer beruflichen T\u00e4tigkeit oder im Vorfeld einer beruflichen T\u00e4tigkeit Informationen \u00fcber Verst\u00f6\u00dfe durch Angeh\u00f6rige der JGU erlangt und erw\u00e4gen Sie, diese zu melden, damit hier geeignete Ma\u00dfnahmen ergriffen werden k\u00f6nnen, wenden Sie sich bitte an die interne Meldestelle der JGU. Meldungen bzw. Hinweise k\u00f6nnen Sie elektronisch, schriftlich, telefonisch oder pers\u00f6nlich einreichen. Um Verst\u00f6\u00dfe schnellstm\u00f6glich zu \u00fcberpr\u00fcfen und abstellen zu k\u00f6nnen, bitten wir diese interne Meldestelle bevorzugt vor den anderen Meldestellen zu nutzen.<\/p>\n<!-- \/wp:paragraph -->\n\n<!-- wp:paragraph {\"className\":\"has-big-font-size\"} -->\n<p class=\"has-big-font-size\">Ihre Meldung wird unter Wahrung der Vertraulichkeit bearbeitet; die datenschutzrechtlichen Bestimmungen der Datenschutz-Grundverordnung werden beachtet. Unter bestimmten gesetzlichen Voraussetzungen k\u00f6nnen wir allerdings gehalten sein, Ihre Identit\u00e4t anderen Beh\u00f6rden mitzuteilen. Dies kann Verlangen der Strafverfolgungsbeh\u00f6rden in Strafverfahren, Anordnungen in einem einer Meldung nachfolgenden Verwaltungsverfahren, einschlie\u00dflich verwaltungsbeh\u00f6rdlicher Bu\u00dfgeldverfahren, sowie gerichtliche Entscheidungen betreffen. Sie k\u00f6nnen Hinweise auch anonym abgegeben. Beachten Sie dabei jedoch, dass, wenn Sie keine Kontaktm\u00f6glichkeit angeben, wir im weiteren Verfahren keine M\u00f6glichkeit haben, Sie bei etwaigen R\u00fcckfragen zu kontaktieren und Sie ggf. \u00fcber das Ergebnis unserer Pr\u00fcfung in Kenntnis zu setzen.<\/p>\n<!-- \/wp:paragraph -->\n\n<!-- wp:paragraph {\"className\":\"has-big-font-size\"} -->\n<p class=\"has-big-font-size\">Informationen \u00fcber privates Fehlverhalten fallen nicht unter das Hinweisgeberschutzgesetz.<\/p>\n<!-- \/wp:paragraph -->\n\n<!-- wp:paragraph {\"className\":\"has-big-font-size\"} -->\n<p class=\"has-big-font-size\">Beim Bundesamt f\u00fcr Justiz ist eine externe Meldestelle eingerichtet; die Webseite des Bundesamtes f\u00fcr Justiz <a href=\"https:\/\/www.bundesjustizamt.de\/DE\/MeldestelledesBundes\/MeldestelledesBundes_node.html\">https:\/\/www.bundesjustizamt.de\/DE\/MeldestelledesBundes\/MeldestelledesBundes_node.html <\/a> bietet zudem weitere Informationen zum Hinweisgeberschutz, die umfassend auch f\u00fcr die interne Meldestelle der JGU gelten.<\/p>\n<!-- \/wp:paragraph -->\n\n<!-- wp:paragraph {\"className\":\"has-big-font-size\"} -->\n<p class=\"has-big-font-size\">Es steht auch die beim Ministerium f\u00fcr Wissenschaft und Gesundheit, MWG, eingerichtete zentrale interne Meldestelle zur Verf\u00fcgung. Sie ist erreichbar unter<\/p>\n<!-- \/wp:paragraph -->\n\n<!-- wp:paragraph {\"className\":\"has-big-font-size\"} -->\n<p class=\"has-big-font-size\">Interne Meldestelle MWG<br>c\/o Referat 15124 MWG<br>Mittlere Bleiche 61<br>55116 Mainz<br>Postfach 32 20<br>Frau Dr. Linda D\u00f6rflinger-Wittor, +49 (6131) 16 - 2895<br>und Frau Anna Christina Grund, +49 (6131) 16 - 4031<\/p>\n<!-- \/wp:paragraph -->\n<!-- \/wp:jgu\/collapsible-area --><\/div>\n<!-- \/wp:column -->\n\n<!-- wp:column {\"width\":\"33.33%\"} -->\n<div class=\"wp-block-column\" style=\"flex-basis:33.33%\"><!-- wp:jgu\/contact-card {\"name\":\"Interne Meldestelle der JGU\"} -->\n<!-- wp:jgu\/list-item {\"title\":\"Doris Zapp\",\"uuid\":\"1699374929552\"} \/-->\n\n<!-- wp:jgu\/list-item {\"icon\":\"map-marker-alt-solid\",\"title\":\"Johannes Gutenberg-Universit\u00e4t Mainz\\u003cbr\\u003e55099 Mainz\",\"uuid\":\"1702052800622\"} \/-->\n\n<!-- wp:jgu\/list-item {\"icon\":\"envelope-solid\",\"title\":\"\\u003ca href=\\u0022mailto:meldestelle@uni-mainz.de\\u0022 target=\\u0022_blank\\u0022 rel=\\u0022noreferrer noopener\\u0022\\u003emeldestelle@uni-mainz.de\\u003c\/a\\u003e\",\"uuid\":\"1702052810510\",\"link\":{\"url\":\"mailto:meldestelle@uni-mainz.de\"}} \/-->\n\n<!-- wp:jgu\/list-item {\"icon\":\"phone-solid\",\"title\":\"\\u003ca href=\\u0022tel:+4961313920645\\u0022 target=\\u0022_blank\\u0022 rel=\\u0022noreferrer noopener\\u0022\\u003e+49 6131 39-20645 \\u003c\/a\\u003e\",\"uuid\":\"1702052873712\",\"link\":{\"url\":\"tel:+4961313920645\"}} \/-->\n\n<!-- wp:jgu\/list-item {\"icon\":\"map-marked-solid\",\"title\":\"Besuchsadresse:\\u003cbr\\u003eForum universitatis 2\\u003cbr\\u003eRaum 01-239\",\"uuid\":\"1702326952160\"} \/-->\n<!-- \/wp:jgu\/contact-card --><\/div>\n<!-- \/wp:column --><\/div>\n<!-- \/wp:columns -->\n<!-- \/wp:jgu\/tabs-item -->\n\n<!-- wp:jgu\/tabs-item {\"title\":\"Suchtberatung und Pr\u00e4vention\",\"slug\":\"suchtberatung-und-pravention\"} -->\n<!-- wp:columns {\"className\":\"\"} -->\n<div class=\"wp-block-columns\"><!-- wp:column {\"width\":\"66.66%\"} -->\n<div class=\"wp-block-column\" style=\"flex-basis:66.66%\"><!-- wp:jgu\/collapsible-area {\"visibleLines\":10} -->\n<!-- wp:paragraph {\"className\":\"has-big-font-size\"} -->\n<p class=\"has-big-font-size\">Einen gro\u00dfen Teil seines Lebens verbringt der Mensch am Arbeitsplatz. Daher ist es nicht ungew\u00f6hnlich, dass sich auch pers\u00f6nliche Probleme im Arbeitskontext bemerkbar machen.<\/p>\n<!-- \/wp:paragraph -->\n\n<!-- wp:list {\"className\":\"wp-block-list has-big-font-size\"} -->\n<ul class=\"wp-block-list has-big-font-size\"><!-- wp:list-item -->\n<li>Sie haben allgemeine Fragen zum Thema Abh\u00e4ngigkeitserkrankungen<\/li>\n<!-- \/wp:list-item -->\n\n<!-- wp:list-item -->\n<li>Sie machen sich Gedanken um einen Kollegen oder nahestehenden Menschen<\/li>\n<!-- \/wp:list-item -->\n\n<!-- wp:list-item -->\n<li>Sie ben\u00f6tigen Unterst\u00fctzung bei der Suche nach einer L\u00f6sung<\/li>\n<!-- \/wp:list-item -->\n\n<!-- wp:list-item -->\n<li>Sie planen eine Infoveranstaltung zum Thema Abh\u00e4ngigkeit<\/li>\n<!-- \/wp:list-item --><\/ul>\n<!-- \/wp:list -->\n\n<!-- wp:paragraph {\"className\":\"has-big-font-size\"} -->\n<p class=\"has-big-font-size\">dann sprechen Sie mich bitte an.<\/p>\n<!-- \/wp:paragraph -->\n\n<!-- wp:paragraph {\"className\":\"has-big-font-size\"} -->\n<p class=\"has-big-font-size\">Beratungsgespr\u00e4che sind kostenlos und unterliegen der Schweigepflicht.<\/p>\n<!-- \/wp:paragraph -->\n\n<!-- wp:paragraph {\"className\":\"has-big-font-size\"} -->\n<p class=\"has-big-font-size\">Sie k\u00f6nnen auch anonym gef\u00fchrt werden.<\/p>\n<!-- \/wp:paragraph -->\n<!-- \/wp:jgu\/collapsible-area -->\n\n<!-- wp:jgu\/image {\"align\":\"center\",\"image\":{\"url\":null,\"id\":1484},\"width\":201} \/--><\/div>\n<!-- \/wp:column -->\n\n<!-- wp:column {\"width\":\"33.33%\"} -->\n<div class=\"wp-block-column\" style=\"flex-basis:33.33%\"><!-- wp:jgu\/contact-card {\"name\":\"Suchtberatung\"} -->\n<!-- wp:jgu\/list-item {\"title\":\"Beatrice Zerbe\",\"uuid\":\"1699375467564\"} \/-->\n\n<!-- wp:jgu\/list-item {\"icon\":\"map-marker-alt-solid\",\"title\":\"Johannes Gutenberg-Universit\u00e4t Mainz\\u003cbr\\u003e55099 Mainz\",\"uuid\":\"1702053499801\"} \/-->\n\n<!-- wp:jgu\/list-item {\"icon\":\"envelope-solid\",\"title\":\"\\u003ca href=\\u0022mailto:beatrice.zerbe@uni-mainz.de\\u0022 target=\\u0022_blank\\u0022 rel=\\u0022noreferrer noopener\\u0022\\u003ebeatrice.zerbe@uni-mainz.de\\u003c\/a\\u003e\",\"uuid\":\"1702053512188\",\"link\":{\"url\":\"mailto:beatrice.zerbe@uni-mainz.de\"}} \/-->\n\n<!-- wp:jgu\/list-item {\"icon\":\"phone-solid\",\"title\":\"\\u003ca href=\\u0022tel:+49015118068364\\u0022 target=\\u0022_blank\\u0022 rel=\\u0022noreferrer noopener\\u0022\\u003e+49 151 18068364\\u003c\/a\\u003e\",\"uuid\":\"1702053558425\",\"link\":{\"url\":\"tel:+49015118068364\"}} \/-->\n\n<!-- wp:jgu\/list-item {\"icon\":\"map-marked-solid\",\"title\":\"Besuchsadresse:\\u003cbr\\u003eForum universitatis 4 \/ Eingang \u00fcber Forum 3\\u003cbr\\u003eRaum 02-420  (Dachgeschoss)\",\"uuid\":\"1702644645694\"} \/-->\n\n<!-- wp:jgu\/list-item {\"icon\":\"calendar-solid\",\"title\":\"Termine nach Vereinbarung\",\"uuid\":\"1702053609910\"} \/-->\n<!-- \/wp:jgu\/contact-card -->\n\n<!-- wp:jgu\/button -->\n<!-- wp:jgu\/button-item {\"text\":\"Weitere Informationen\",\"link\":{\"url\":\"https:\/\/www.blogs.uni-mainz.de\/suchtberatung\/\",\"linkTarget\":\"\",\"rel\":\"\",\"opensInNewTab\":true}} \/-->\n<!-- \/wp:jgu\/button --><\/div>\n<!-- \/wp:column --><\/div>\n<!-- \/wp:columns -->\n<!-- \/wp:jgu\/tabs-item -->\n\n<!-- wp:jgu\/tabs-item {\"title\":\"Feedback\",\"slug\":\"feedback\"} -->\n<!-- wp:columns {\"className\":\"\"} -->\n<div class=\"wp-block-columns\"><!-- wp:column {\"width\":\"66.66%\"} -->\n<div class=\"wp-block-column\" style=\"flex-basis:66.66%\"><!-- wp:jgu\/collapsible-area {\"visibleLines\":12} -->\n<!-- wp:paragraph {\"className\":\"has-big-font-size\"} -->\n<p class=\"has-big-font-size\">Interesse des zentralen Feedbackmanagements ist es, den Studierenden der Johannes Gutenberg-Universit\u00e4t&nbsp;Mainz eine M\u00f6glichkeit zu bieten, ein Feedback zu den Serviceangeboten der zentralen Universit\u00e4tsverwaltung an eine neutrale Stelle au\u00dferhalb der Strukturen der Verwaltung zur\u00fcckzumelden.<br>Es soll aber auch den Besch\u00e4ftigten der zentralen Universit\u00e4tsverwaltung selbst eine M\u00f6glichkeit er\u00f6ffnen, Feedback an eine neutrale Anlaufstelle zu geben, bspw. in Bezug auf die jeweilige Arbeitssituation.<\/p>\n<!-- \/wp:paragraph -->\n\n<!-- wp:paragraph {\"className\":\"has-big-font-size\"} -->\n<p class=\"has-big-font-size\">Ihr Anliegen wird sorgf\u00e4ltig gepr\u00fcft und anonymisiert an den zust\u00e4ndigen Bereich weitergeleitet, um hier individuell bearbeitet und, falls m\u00f6glich, zeitnah umgesetzt zu werden. Nach Abschluss der Bearbeitung werden Sie \u00fcber das Ergebnis informiert. Im gesamten Bearbeitungsprozess werden ohne ausdr\u00fcckliche Zustimmung des Absenders keine pers\u00f6nlichen Daten weitergegeben. Ihre Kontaktdaten dienen ausschlie\u00dflich der Beantwortung Ihres Feedbacks und f\u00fcr eventuelle Nachfragen unsererseits.<\/p>\n<!-- \/wp:paragraph -->\n\n<!-- wp:paragraph {\"className\":\"has-big-font-size\"} -->\n<p class=\"has-big-font-size\">Bitte beachten Sie, dass \u00fcber dieses Instrument keinerlei Beratungsleistung wie zum Beispiel Rechts- oder Studienberatung erfolgt. In diesen F\u00e4llen wenden Sie sich bitte direkt an die zust\u00e4ndigen Fachabteilungen.<\/p>\n<!-- \/wp:paragraph -->\n\n<!-- wp:paragraph {\"className\":\"has-big-font-size\"} -->\n<p class=\"has-big-font-size\">Sie erreichen das zentrale Feedbackmanagement telefonisch, per E-Mail oder \u00fcber das Webformular. Nach Vereinbarung ist auch ein pers\u00f6nliches Gespr\u00e4ch m\u00f6glich. Wir freuen uns auf Ihre Eingabe, die zur kontinuierlichen Weiterentwicklung und Verbesserung der Serviceangebote der&nbsp;Universit\u00e4tsverwaltung und zur Mitarbeiterzufriedenheit beitragen soll.<\/p>\n<!-- \/wp:paragraph -->\n<!-- \/wp:jgu\/collapsible-area --><\/div>\n<!-- \/wp:column -->\n\n<!-- wp:column {\"width\":\"33.33%\"} -->\n<div class=\"wp-block-column\" style=\"flex-basis:33.33%\"><!-- wp:jgu\/contact-card {\"name\":\"Ansprechpartnerin\"} -->\n<!-- wp:jgu\/list-item {\"title\":\"Elisabeth Springer\",\"uuid\":\"1699375638611\"} \/-->\n\n<!-- wp:jgu\/list-item {\"icon\":\"map-marker-alt-solid\",\"title\":\"Johannes Gutenberg-Universit\u00e4t\\u003cbr\\u003eZentrum f\u00fcr Qualit\u00e4tssicherung und -entwicklung\\u003cbr\\u003e55099 Mainz\",\"uuid\":\"1702054459049\"} \/-->\n\n<!-- wp:jgu\/list-item {\"icon\":\"envelope-solid\",\"title\":\"\\u003ca href=\\u0022mailto:elisabeth.springer@zq.uni-mainz.de\\u0022 target=\\u0022_blank\\u0022 rel=\\u0022noreferrer noopener\\u0022\\u003eelisabeth.springer@zq.uni-mainz.de\\u003c\/a\\u003e\",\"uuid\":\"1702054537254\",\"link\":{\"url\":\"mailto:elisabeth.springer@zq.uni-mainz.de\"}} \/-->\n\n<!-- wp:jgu\/list-item {\"icon\":\"phone-solid\",\"title\":\"\\u003ca href=\\u0022tel:+4961313924029\\u0022 target=\\u0022_blank\\u0022 rel=\\u0022noreferrer noopener\\u0022\\u003e+49 6131 39-24029\\u003c\/a\\u003e\",\"uuid\":\"1702054485022\",\"link\":{\"url\":\"tel:+4961313924029\"}} \/-->\n<!-- \/wp:jgu\/contact-card -->\n\n<!-- wp:jgu\/button -->\n<!-- wp:jgu\/button-item {\"text\":\"Feedback\",\"link\":{\"url\":\"https:\/\/www.verwaltung.feedback.uni-mainz.de\/ihrfeedback\/\",\"linkTarget\":\"\",\"rel\":\"\",\"opensInNewTab\":true}} \/-->\n<!-- \/wp:jgu\/button --><\/div>\n<!-- \/wp:column --><\/div>\n<!-- \/wp:columns -->\n<!-- \/wp:jgu\/tabs-item -->\n<!-- \/wp:jgu\/tabs --><\/div><\/div>\n<!-- \/wp:jgu\/section -->\n\n<!-- wp:jgu\/section {\"color\": \"light\"} -->\n<div class=\"jgu-bgsection bg bg-light\"><div class=\"content padding-medium\"><!-- wp:jgu\/anchorpoint {\"title\":\"Themen und Projekte\",\"slug\":\"themen-und-projekte\"} \/-->\n\n<!-- wp:jgu\/heading {\"index\":\"Die zentrale Verwaltung gestaltet f\u00fcr die Zukunft\",\"tags\":{\"htmlTag\":\"h2\",\"classTag\":\"\",\"tag\":\"h2\"},\"heading\":\"Themen und Projekte \"} \/-->\n\n<!-- wp:jgu\/slider {\"slidesCount\": 3, \"responsiveSettings\": {\"mobile\": {\"perPage\": 1, \"arrows\": true, \"pagination\": false, \"width\": \"100%\"}, \"tablet\": {\"perPage\": 2, \"arrows\": true, \"pagination\": false, \"width\": \"100%\"}, \"desktop\": {\"perPage\": 3, \"arrows\": true, \"pagination\": false, \"width\": \"100%\"}, \"desktop-xl\": {\"perPage\": 3, \"arrows\": true, \"pagination\": false, \"width\": \"100%\"}}, \"perPage\": 3} -->\n\n<!-- wp:jgu\/teaserbox {\"headline\":{\"htmlTag\":\"h2\",\"classTag\":\"\",\"tag\":\"h2\"},\"image\":{\"id\":29,\"url\":null},\"color\":\"gold\",\"title\":\"Digitalisierung \",\"excerpt\":\"Mit dem digitalen Wandel sind viele Chancen aber auch Herausforderungen verbunden. Die zentrale Verwaltung der JGU gestaltet den Weg der Digitalisierung durch zahlreiche Projekte aktiv mit. Beispiele sind das digitale H\u00f6rsaalmanagement, die elektronische Bewerber- und Studierendenverwaltung, E-Beschaffung oder ein Bewerbungsmanagementsystem f\u00fcr die Besetzung freier Stellen.\",\"linkTitle\":\"mehr erfahren\"} \/-->\n\n\n\n<!-- wp:jgu\/teaserbox {\"headline\":{\"htmlTag\":\"h2\",\"classTag\":\"\",\"tag\":\"h2\"},\"image\":{\"id\":32,\"url\":null},\"color\":\"blue\",\"index\":\"Projekt\",\"title\":\"Zukunftsf\u00e4hige Gestaltung des Gutenberg-Campus\",\"linkTitle\":\"mehr erfahren\",\"link\":{\"url\":\"https:\/\/gutenberg-netzwerk.uni-mainz.de\/aktuelles\/campus-2040-staedtbauliche-entwicklung-des-gutenberg-campus\/\",\"opensInNewTab\":true}} \/-->\n\n\n\n<!-- wp:jgu\/teaserbox {\"headline\":{\"htmlTag\":\"h2\",\"classTag\":\"\",\"tag\":\"h2\"},\"image\":{\"id\":44,\"url\":null},\"color\":\"orange\",\"title\":\"Leitlinien guter Arbeit \",\"linkTitle\":\"mehr erfahren\",\"link\":{\"url\":\"https:\/\/organisation.uni-mainz.de\/files\/2021\/11\/Leitlinien-guter-Arbeit-an-der-JGU.pdf\"}} \/-->\n\n<!-- \/wp:jgu\/slider -->\n\n<!-- wp:jgu\/button -->\n<!-- wp:jgu\/button-item {\"text\":\"Leitbild der zentralen Verwaltung\",\"link\":{\"url\":\"https:\/\/organisation.uni-mainz.de\/files\/2020\/09\/JGU_leitbild_zentrale_verwaltung.pdf\",\"linkTarget\":\"\",\"rel\":\"\",\"opensInNewTab\":true}} \/-->\n<!-- \/wp:jgu\/button --><\/div><\/div>\n<!-- \/wp:jgu\/section -->\n\n<!-- wp:jgu\/section {\"color\": \"white\"} -->\n<div class=\"jgu-bgsection bg bg-white\"><div class=\"content padding-medium\"><!-- wp:jgu\/anchorpoint {\"title\":\"Kontakt\",\"slug\":\"kontakt\"} \/-->\n\n<!-- wp:jgu\/heading {\"tags\":{\"htmlTag\":\"h2\",\"classTag\":\"\",\"tag\":\"h2\"},\"heading\":\"Kontakt\"} \/-->\n\n<!-- wp:jgu\/slider {\"slidesCount\": 3, \"responsiveSettings\": {\"mobile\": {\"perPage\": 1, \"arrows\": true, \"pagination\": false, \"width\": \"100%\"}, \"tablet\": {\"perPage\": 2, \"arrows\": true, \"pagination\": false, \"width\": \"100%\"}, \"desktop\": {\"perPage\": 3, \"arrows\": true, \"pagination\": false, \"width\": \"100%\"}, \"desktop-xl\": {\"perPage\": 3, \"arrows\": true, \"pagination\": false, \"width\": \"100%\"}}, \"perPage\": 3} -->\n\n<!-- wp:jgu\/idm-person {\"id\":\"1236\",\"link\":\"false\",\"skipDetails\":[\"phone\"],\"organizationId\":3,\"roleId\":74} \/-->\n\n\n\n<!-- wp:jgu\/idm-person {\"id\":\"1277\",\"link\":\"false\",\"skipDetails\":[\"address\"],\"organizationId\":18,\"roleId\":111} \/-->\n\n\n\n<!-- wp:jgu\/idm-person {\"id\":\"2212\",\"link\":\"false\",\"skipDetails\":[\"phone\"],\"organizationId\":20,\"roleId\":31} \/-->\n\n<!-- \/wp:jgu\/slider --><\/div><\/div>\n<!-- \/wp:jgu\/section -->","_links":{"self":[{"href":"https:\/\/cms.zdv.uni-mainz.de\/kopiervorlage-ag\/wp-json\/wp\/v2\/pages\/9098","targetHints":{"allow":["GET"]}}],"collection":[{"href":"https:\/\/cms.zdv.uni-mainz.de\/kopiervorlage-ag\/wp-json\/wp\/v2\/pages"}],"about":[{"href":"https:\/\/cms.zdv.uni-mainz.de\/kopiervorlage-ag\/wp-json\/wp\/v2\/types\/page"}],"author":[{"embeddable":true,"href":"https:\/\/cms.zdv.uni-mainz.de\/kopiervorlage-ag\/wp-json\/wp\/v2\/users\/16"}],"replies":[{"embeddable":true,"href":"https:\/\/cms.zdv.uni-mainz.de\/kopiervorlage-ag\/wp-json\/wp\/v2\/comments?post=9098"}],"version-history":[{"count":5,"href":"https:\/\/cms.zdv.uni-mainz.de\/kopiervorlage-ag\/wp-json\/wp\/v2\/pages\/9098\/revisions"}],"predecessor-version":[{"id":9607,"href":"https:\/\/cms.zdv.uni-mainz.de\/kopiervorlage-ag\/wp-json\/wp\/v2\/pages\/9098\/revisions\/9607"}],"wp:attachment":[{"href":"https:\/\/cms.zdv.uni-mainz.de\/kopiervorlage-ag\/wp-json\/wp\/v2\/media?parent=9098"}],"wp:term":[{"taxonomy":"category","embeddable":true,"href":"https:\/\/cms.zdv.uni-mainz.de\/kopiervorlage-ag\/wp-json\/wp\/v2\/categories?post=9098"},{"taxonomy":"post_tag","embeddable":true,"href":"https:\/\/cms.zdv.uni-mainz.de\/kopiervorlage-ag\/wp-json\/wp\/v2\/tags?post=9098"}],"curies":[{"name":"wp","href":"https:\/\/api.w.org\/{rel}","templated":true}]}}